{"id":12297,"date":"2025-03-31T17:32:48","date_gmt":"2025-03-31T15:32:48","guid":{"rendered":"http:\/\/museipiemonte.cultura.gov.it\/?page_id=12297"},"modified":"2026-03-24T15:24:53","modified_gmt":"2026-03-24T14:24:53","slug":"qu-een-narrazioni-darte-e-natura-a-villa-della-regina","status":"publish","type":"page","link":"https:\/\/museipiemonte.cultura.gov.it\/index.php\/qu-een-narrazioni-darte-e-natura-a-villa-della-regina\/","title":{"rendered":""},"content":{"rendered":"<h1 style=\"text-align: center;\"><img loading=\"lazy\" decoding=\"async\" class=\"aligncenter size-medium wp-image-12338\" src=\"http:\/\/museipiemonte.cultura.gov.it\/wp-content\/uploads\/2025\/04\/QUEEN_logo_png_white-500x500.png\" alt=\"QUEEN_logo_png_white\" width=\"200\" height=\"200\" srcset=\"https:\/\/museipiemonte.cultura.gov.it\/wp-content\/uploads\/2025\/04\/QUEEN_logo_png_white-500x500.png 500w, https:\/\/museipiemonte.cultura.gov.it\/wp-content\/uploads\/2025\/04\/QUEEN_logo_png_white-150x150.png 150w, https:\/\/museipiemonte.cultura.gov.it\/wp-content\/uploads\/2025\/04\/QUEEN_logo_png_white-1024x1024.png 1024w, https:\/\/museipiemonte.cultura.gov.it\/wp-content\/uploads\/2025\/04\/QUEEN_logo_png_white-830x830.png 830w, https:\/\/museipiemonte.cultura.gov.it\/wp-content\/uploads\/2025\/04\/QUEEN_logo_png_white-230x230.png 230w, https:\/\/museipiemonte.cultura.gov.it\/wp-content\/uploads\/2025\/04\/QUEEN_logo_png_white-350x350.png 350w\" sizes=\"auto, (max-width: 200px) 100vw, 200px\" \/><\/h1>\n<h1 style=\"text-align: center;\"><span style=\"color: #008080;\"><strong>QU.EEN<\/strong><\/span><\/h1>\n<h4 style=\"text-align: center;\"><span style=\"color: #008080;\"><strong>narrazioni d\u2019arte e natura<br \/>\na Villa della Regina<\/strong><\/span><\/h4>\n<h4 style=\"text-align: center;\"><\/h4>\n<h6 style=\"text-align: center;\">II edizione &#8211; primavera 2026<\/h6>\n<h6 style=\"text-align: center;\">25 marzo \u2013 24 maggio 2026<\/h6>\n<p style=\"text-align: center;\">________<\/p>\n<p>&nbsp;<\/p>\n<h5 style=\"text-align: center;\"><a href=\"#programma\">\u25ba IL PROGRAMMA DELLA RASSEGNA<\/a><\/h5>\n<h5 style=\"text-align: center;\"><a href=\"#info\">\u25ba INFORMAZIONI, ORARI E BIGLIETTI<\/a><\/h5>\n<h5 style=\"text-align: center;\"><a href=\"#progetto\">\u25ba IL PROGETTO SCIENTIFICO<\/a><\/h5>\n<h5 style=\"text-align: center;\"><a href=\"#credits\">\u25ba CREDITI E RINGRAZIAMENTI<\/a><\/h5>\n<h5 style=\"text-align: center;\"><a href=\"http:\/\/museipiemonte.cultura.gov.it\/?p=13147\" target=\"_blank\" rel=\"noopener\">\u25ba\u00a0QU.EEN 2025 &#8211; primavera<\/a><\/h5>\n<h5 style=\"text-align: center;\"><a href=\"https:\/\/museipiemonte.cultura.gov.it\/index.php\/qu-een-2025-autunno\/\" target=\"_blank\" rel=\"noopener\">\u25ba QU.EEN 2025 &#8211; autunno<\/a><\/h5>\n<p style=\"text-align: center;\">________<\/p>\n<p>&nbsp;<\/p>\n<h5 style=\"text-align: left;\"><a name=\"programma\"><\/a>IL PROGRAMMA DELLA RASSEGNA<\/h5>\n<p><strong>Mercoled\u00ec 25 marzo \u2013 domenica 24 maggio<\/strong><br \/>\nPiano nobile<br \/>\n<strong><em>Meraviglia. Viaggio nell\u2019arte di Ezio Gribaudo<\/em><\/strong><br \/>\nMostra personale di Ezio Gribaudo, in collaborazione con l\u2019Archivio Gribaudo<\/p>\n<p><strong>Mercoled\u00ec 25 marzo \u2013 domenica 24 maggio<\/strong><br \/>\nPadiglione dei Solinghi<br \/>\nAccademia Albertina di Belle Arti di Torino \u2013 Biblioteca<br \/>\n<em><strong>\u201cLeda Melanitis\u201d. Farfalle e mitologie tra storia dell\u2019arte e Bio Art<\/strong><\/em><br \/>\nMostra personale di Yiannis Melanitis, in collaborazione con l\u2019Accademia Albertina di Belle Arti di Torino e l\u2019Accademia di Belle Arti di Atene<\/p>\n<p class=\"p1\">&#8212;<\/p>\n<p><strong>Sabato 28 marzo \u2013 ore 11.00<\/strong><br \/>\nPiano nobile e Salone d\u2019Onore<br \/>\n<em><strong>Il Teatro della Memoria<\/strong><\/em><br \/>\nAttivit\u00e0 didattica nell\u2019ambito di <em>Villa in famiglia<\/em><\/p>\n<p>Un percorso per ragazze e ragazzi alla scoperta della straordinaria avventura creativa di Ezio Gribaudo, artista, grafico ed editore, attraverso alcune opere esposte in mostra. Dopo la visita si costruir\u00e0 insieme un\u2019opera collettiva ispirata ai Teatri della memoria dell\u2019artista.<\/p>\n<p>&#8212;<\/p>\n<p><strong>Domenica 29 marzo \u2013 ore 10.00-17.00<\/strong><br \/>\nGiardini e Padiglione dei Solinghi<br \/>\n<em><strong>Gli artisti dei Solinghi<\/strong><\/em><br \/>\nLaboratorio artistico a cura di Associazione PassepART-out<\/p>\n<p>Workshop dedicati alle arti manuali e visive, guidati da artiste e artisti esperti. Un\u2019occasione per sperimentare tecniche diverse, ispirandosi alla storia e all\u2019architettura di Villa della Regina e ai lavori esposti nella mostra di Ezio Gribaudo.<\/p>\n<p>PROGRAMMA<br \/>\nore 10.00-13.00:<br \/>\n\u2022 <em>Illustrazione con pittura acrilic<\/em>a \u2013 con Daniele Costante: prendendo spunto dalla flora e dalla fauna che abitano i Giardini della Villa e della collina torinese le persone che parteciperanno potranno realizzare piccole opere di illustrazione apprendendo le basi della pittura con colori acrilici<br \/>\nore 14.00-17.00:<br \/>\n\u2022 <em>Sbalzo su alluminio<\/em> \u2013 a cura di Clarissa Moretto: le persone che parteciperanno sceglieranno particolari architettonici di Villa della Regina e impareranno a riprodurli su lamiera di alluminio, dando vita a opere uniche e materiche<\/p>\n<p>&#8212;<\/p>\n<p><strong>Domenica 5 aprile \u2013 ore 9.30-18.00<\/strong><br \/>\nPiano nobile e Giardini<br \/>\n<strong>PASQUA \u2013 Apertura a ingresso gratuito<\/strong><\/p>\n<p>In occasione dell\u2019iniziativa #domenicalmuseo che prevede l\u2019ingresso gratuito nei musei statali ogni prima domenica del mese, e in coincidenza con il giorno di Pasqua, fino alle 17.00 sar\u00e0 possibile visitare gratuitamente la villa e i giardini, incluse le mostre <em>Meraviglia. Viaggio nell\u2019arte di Ezio Gribaudo<\/em> e <em>\u201cLeda Melanitis\u201d. Farfalle e mitologie tra storia dell\u2019arte e Bio Art<\/em> di Yiannis Melanitis.<\/p>\n<p>&#8212;<\/p>\n<p><strong>Luned\u00ec 6 aprile \u2013 ore 9.30-18.00<\/strong><br \/>\nPiano nobile e Giardini<br \/>\n<strong>PASQUETTA &#8211; Apertura straordinaria<\/strong><\/p>\n<p>Nel giorno di Pasquetta, apertura straordinaria della Villa e dei giardini, incluse le mostre <em>Meraviglia. Viaggio nell\u2019arte di Ezio Gribaudo<\/em> e <em>\u201cLeda Melanitis\u201d. Farfalle e mitologie tra storia dell\u2019arte e Bio Art<\/em> di Yiannis Melanitis; ultimo ingresso alle 17.00<\/p>\n<p>&#8212;<\/p>\n<p><strong>Sabato 11 aprile \u2013 ore 9.30-13.30<\/strong><br \/>\nGiardini e Padiglione dei Solinghi<br \/>\n<em><strong>Workshop di acquerello en plein air: i colori della primavera nella Villa della Regina<\/strong><\/em><\/p>\n<p>Primo di tre appuntamenti del corso di formazione a cura di Federico Morgando organizzato in collaborazione con la Fondazione Ordine Architetti di Torino e l\u2019Associazione \u201cAmici di Villa della Regina\u201d. Il corso si svolger\u00e0 nei giardini, tra natura e arte, per riscoprire il piacere di osservare e interpretare dal vero. Con il mutare della stagione si avr\u00e0 modo di cogliere e dipingere i colori freschi e intensi della natura che si risveglia, scoprendo come essa possa essere un\u2019inesauribile fonte di ispirazione. Un\u2019occasione per architetti, designer, creativi e chiunque voglia allenare lo sguardo alla bellezza e all\u2019armonia, riscoprendo il disegno come strumento di osservazione, progettazione e benessere personale.<br \/>\nPer prenotazioni, costi e riconoscimento dei crediti consultare il sito web della <a href=\"https:\/\/www.fondazioneperlarchitettura.it\/corso\/workshop-di-acquerello-en-plein-air-i-colori-della-primavera-nella-villa-della-regina\/\">Fondazione OAT<\/a>.<br \/>\nIn caso di maltempo il corso si terr\u00e0 all\u2019interno.<\/p>\n<p>&#8212;<\/p>\n<p><strong>Sabato 11 aprile \u2013 ore 10.30<\/strong><br \/>\nBiblioteca Nazionale Universitaria \u2013piazza Carlo Alberto 3, Torino<br \/>\n<em><strong>In viaggio tra sogno e realt\u00e0 \u2013 Tappa 1: i miei sogni di carta<\/strong><\/em><br \/>\nLaboratorio per famiglie nell\u2019ambito di <em>Gioca in Bnuto<\/em><\/p>\n<p>Un viaggio tra realt\u00e0 e sogno con una tappa in Biblioteca Nazionale per sognare con le illustrazioni di un libro antico e speciale, il <em>Polifilo<\/em> pubblicato da Aldo Manuzio. Un modo per scoprire antiche tecniche di stampa e inventare insieme storie di sogni e fantasia: cosa capita di sognare di notte e cosa invece si sogna e desidera ad occhi aperti?<br \/>\nIn Biblioteca si potr\u00e0 avere il primo timbro sul <em>Passaporto dei Sogni<\/em>, da completare a Villa della Regina con la seconda tappa del viaggio: un\u2019avventura in giardino, fra piante e fiori magici!<br \/>\nPrenotazione obbligatoria: <a href=\"mailto:bu-to.didattica@cultura.gov.it\">bu-to.didattica@cultura.gov.it<\/a><\/p>\n<p>&#8212;<\/p>\n<p><strong>Sabato 11 aprile \u2013 ore 16.30<\/strong><br \/>\nSalone d\u2019Onore<br \/>\n<em><strong>Emilio Salgari, il capitano delle suggestioni<\/strong><\/em><br \/>\nLectio con Pierdomenico Baccalario, a cura di Fondazione Circolo dei lettori<\/p>\n<p>Come si pu\u00f2 far sognare i lettori di viaggi nelle giungle oscure del Borneo, ai poli o tra le impervie catene montuose dell\u2019Africa, senza esserci mai stati? Serve gran gusto nell&#8217;evocare il potere delle parole e quell\u2019idea profonda di esotismo, che non \u00e8 esperienza, ma l\u2019aspettativa e il desiderio di incontrare un altro che ci conquister\u00e0. Trucchi, libri, enciclopedie, mappe e diari con cui Emilio Salgari ha conquistato il mondo.<\/p>\n<p><strong>Pierdomenico Baccalario<\/strong> (1974), ha lavorato per la Scuola Normale Superiore di Pisa e scritto romanzi per ragazzi di cui molti tradotti in 27 lingue. Le sue storie hanno raggiunto pi\u00f9 di 10 milioni di ragazzi in tutto il mondo. Nel 2014 ha fondato a Londra l\u2019agenzia creativa collaborativa \u201cBookonatree\u201d occupandosi di scouting, scrittura, narrazioni, valorizzazione degli autori e di ogni forma di supporto creativo.<\/p>\n<p>&#8212;<\/p>\n<p><strong>Domenica 12 aprile \u2013 ore 10.00-17.00<\/strong><br \/>\nGiardini e Padiglione dei Solinghi<br \/>\n<em><strong>Gli artisti dei Solinghi<\/strong><\/em><br \/>\nLaboratorio artistico a cura di Associazione PassepART-out<\/p>\n<p>Workshop dedicati alle arti manuali e visive, guidati da artiste e artisti esperti. Un\u2019occasione per sperimentare tecniche diverse, ispirandosi alla storia e all\u2019architettura di Villa della Regina e ai lavori esposti nella mostra di Ezio Gribaudo.<\/p>\n<p>PROGRAMMA<br \/>\nore 10.00-13.00:<br \/>\n\u2022 <em>Stampa da monotipo<\/em> \u2013 con Giusy Longo: realizzando composizioni da dettagli estrapolati da decorazioni, dipinti, affreschi e arredamenti della Villa, le persone che parteciperanno saranno seguite passo passo per entrare nell\u2019affascinante mondo della stampa a tiratura unica del monotipo<br \/>\nore 14.00-17.00:<br \/>\n\u2022 <em>Ritratto dal vero<\/em> \u2013 con Daniela Gjyzeli: le persone partecipanti si ritrarranno a vicenda, in coppia, ripercorrendo la tradizione dei ritratti che da secoli abitano Villa della Regina<\/p>\n<p>&#8212;<\/p>\n<p><strong>Gioved\u00ec 16 aprile \u2013 ore 15.00<\/strong><br \/>\nPiano nobile di Villa della Regina e Archivio Gribaudo<br \/>\n<strong><em>Visita guidata alla mostra \u201cMeraviglia. Viaggio nell\u2019arte di Ezio Gribaudo\u201d e all\u2019Archivio Gribaudo<\/em><\/strong><\/p>\n<p>Un percorso itinerante nell\u2019universo artistico di Ezio Gribaudo: si comincia con la visita guidata alla mostra <em>Meraviglia. Viaggio nell\u2019arte di Ezio Gribaudo<\/em>, ospitata nelle sale di Villa della Regina, per raggiungere poi con una breve passeggiata il vicino Archivio Gribaudo (via Giuseppe Biamonti 15) e scoprire, con la guida di Paola Gribaudo, opere d\u2019arte, libri, documenti e strumenti di lavoro dell\u2019artista raccolti all\u2019interno di un affascinante edificio brutalista progettato da Andrea Bruno.<\/p>\n<p>&#8212;<\/p>\n<p><strong>Venerd\u00ec 17 aprile \u2013 ore 11.30<\/strong><br \/>\nFirenze, Villa medicea della Petraia<br \/>\n<em><strong>Il sogno di Citera. Il giardino storico tra visioni letterarie, modelli umanistici e teatralit\u00e0 barocca.<\/strong><\/em><br \/>\nTappa 1 \u2013 Firenze, Villa medicea della Petraia<\/p>\n<p>Presentazione sui giardini storici in dialogo tra Ville e residenze monumentali fiorentine e Residenze reali sabaude, con la partecipazione della Biblioteca Nazionale Centrale di Firenze; a seguire conferenza dedicata all\u2019<em>Hypnerotomachia Poliphili<\/em>, opera editoriale chiave per la cultura del Rinascimento, fondamentale anche per la storia del giardino, a cura di Mino Gabriele, docente di Iconografia e iconologia all\u2019Universit\u00e0 di Udine.<\/p>\n<p>&#8212;<\/p>\n<p><strong>Sabato 18 aprile \u2013 ore 9.30-13.30<\/strong><br \/>\nGiardini e Padiglione dei Solinghi<br \/>\n<em><strong>Workshop di acquerello en plein air: i colori della primavera nella Villa della Regina<\/strong><\/em><\/p>\n<p>Secondo dei tre appuntamenti del corso di formazione a cura di Federico Morgando organizzato in collaborazione con la Fondazione Ordine Architetti di Torino e l\u2019Associazione \u201cAmici di Villa della Regina\u201d. Il corso si svolger\u00e0 nei giardini, tra natura e arte, per riscoprire il piacere di osservare e interpretare dal vero. Con il mutare della stagione si avr\u00e0 modo di cogliere e dipingere i colori freschi ed intensi della natura che si risveglia, scoprendo come essa possa essere un\u2019inesauribile fonte di ispirazione. Un\u2019occasione per architetti, designer, creativi e chiunque voglia allenare lo sguardo alla bellezza e all\u2019armonia, riscoprendo il disegno come strumento di osservazione, progettazione e benessere personale.<br \/>\nPer prenotazioni, costi e riconoscimento dei crediti consultare il sito web della <a href=\"https:\/\/www.fondazioneperlarchitettura.it\/corso\/workshop-di-acquerello-en-plein-air-i-colori-della-primavera-nella-villa-della-regina\/\">Fondazione OAT<\/a>.<br \/>\nIn caso di maltempo il corso si terr\u00e0 all\u2019interno.<\/p>\n<p>&#8212;<\/p>\n<p><strong>Sabato 18 aprile \u2013 ore 15.00<\/strong><br \/>\nSalone d\u2019Onore<br \/>\n<strong><em>NELLA TUA BREVE ESISTENZA. Un viaggio nella storia e tra le lettere di Ada Prospero e Piero Gobetti, nel centenario della sua morte<\/em><\/strong><br \/>\nReading a cura di Margherita Minelli ed Edoardo Conoscenti, in collaborazione con Scuola Holden<\/p>\n<p>Un viaggio nella storia di Ada Prospero e Piero Gobetti, nel centenario della morte dell\u2019intellettuale torinese, attraverso le letture di alcuni passi scelti del carteggio raccolto nel libro Nella tua breve esistenza.<\/p>\n<p><strong>Margherita Minelli<\/strong>. Nata a Milano nel 2000, collabora con la Scuola Holden e scrive sceneggiature per film, serie, fumetti e videogiochi, prediligendo il tono dramedy \u2013 un modo per ridere e piangere allo stesso tempo, perch\u00e9, in fondo, la vita \u00e8 cos\u00ec.<br \/>\n<strong>Edoardo Conoscenti<\/strong> \u00e8 autore ed editor freelance. Ha frequentato la Scuola Holden, con cui attualmente collabora. Ha realizzato progetti con realt\u00e0 culturali torinesi come l\u2019Accademia Albertina di Belle Arti di Torino, la GAM di Torino e il Museo Diffuso della Resistenza.<\/p>\n<p>&#8212;<\/p>\n<p><strong>Domenica 19 aprile \u2013 ore 11.00<\/strong><br \/>\nPiano nobile e Salone d\u2019Onore<br \/>\n<em><strong>In viaggio tra sogno e realt\u00e0 \u2013 Tappa 2: l\u2019erbario dei sogni<\/strong><\/em><br \/>\nAttivit\u00e0 nell\u2019ambito di <em>Villa in famiglia<\/em>, realizzata in collaborazione con la Biblioteca Nazionale Universitaria di Torino in occasione di <em>Disegniamo l\u2019arte<\/em>, iniziativa promossa da Abbonamento Musei per avvicinare bambine e bambini ai musei attraverso il disegno.<\/p>\n<p>La seconda tappa del viaggio onirico cominciato alla Biblioteca Nazionale di Torino con il sogno di <em>Polifilo<\/em> porter\u00e0 questa volta le famiglie a Villa della Regina, alla scoperta del suggestivo parco settecentesco. Con un pizzico di fantasia questo si potr\u00e0 trasformare da semplice catalogo di foglie, fiori e semi a qualcosa di veramente magico!<br \/>\nSi andr\u00e0 alla scoperta delle piante del parco e si potr\u00e0 \u201cleggere\u201d insieme \u201cL\u2019erbario dei sogni\u201d, un libro silenzioso edito da Camelozampa, per poi, con un pizzico di fantasia, dar forma a un erbario personale, arricchito con elementi fantastici: un viaggio tra natura e fantasia, dove osservazione e immaginazione si intrecciano liberamente.<\/p>\n<p>&#8212;<\/p>\n<p><strong>Domenica 19 aprile \u2013 ore 16.00<\/strong><br \/>\nSalone d\u2019Onore e Giardini<br \/>\n<strong><em>Un viaggio nell\u2019autismo a Villa della Regina<\/em><\/strong><br \/>\nSpettacolo a cura di Associazione di Promozione Sociale Teatro8<\/p>\n<p>Le attrici e gli attori di Teatro8 APS mettono in scena un racconto dell&#8217;autismo nell\u2019intento di favorirne la comprensione e sensibilizzare su una tematica ancora troppo sconosciuta. Lo spettacolo, diretto da Patrizia Da Rold, offre inoltre un\u2019occasione per conoscere il complesso museale di Villa della Regina attraverso sguardi e registri narrativi insoliti, valorizzando l\u2019attitudine delle ragazze e dei ragazzi di Teatro8 nell\u2019ambito della recitazione e dell\u2019interpretazione.<\/p>\n<p><strong>Associazione di Promozione Sociale Teatro8<\/strong>. Fondata da Patrizia Da Rold, svolge dal 2013 attivit\u00e0 di teatro e doppiaggio dedicate a ragazze e ragazzi con disturbo dello spettro autistico. Le attivit\u00e0 proposte permettono di lavorare sulle emozioni e sulla prosodia, aspetti deficitari propri dell&#8217;autismo. L\u2019Associazione ha realizzato importanti progetti, come video di presentazione di percorsi museali torinesi, ed eventi di rilievo, tra cui ASPIECINEDUB, la prima rassegna di cinema sull&#8217;autismo con film doppiati in lingua italiana da ragazze e ragazzi con disturbo dello spettro autistico.<br \/>\nPer informazioni sui corsi: <a href=\"mailto:teatr8arti@gmail.com\">teatr8arti@gmail.com<\/a>; 345 7652641.<\/p>\n<p>&#8212;<\/p>\n<p><strong>Mercoled\u00ec 22 aprile \u2013 ore 17.00<\/strong><br \/>\nBiblioteca Nazionale Universitaria &#8211; Torino, Piazza Carlo Alberto 3<br \/>\n<em><strong>Talk in collaborazione con la Biblioteca Nazionale Universitaria di Torino e l\u2019Archivio Gribaudo<\/strong><\/em><\/p>\n<p>L&#8217;evento \u00e8 legato alla figura di Ezio Gribaudo (Torino, 10 gennaio 1929 \u2013 Torino, 18 luglio 2022), artista, editore e grafico, autore della scultura <em>Per leggere; per vedere<\/em>, donata dallo stesso Gribaudo, conservata nell&#8217;atrio della Biblioteca Nazionale. L&#8217;opera, costituita da libri in pietra bianca impilati, oltre a simboleggiare il ruolo fondamentale che la cultura libraria riveste nella vita di Torino, testimonia l&#8217;impegno culturale &#8216;a tutto tondo&#8217; di Ezio Gribaudo.<\/p>\n<p>&#8212;<\/p>\n<p><strong>Sabato 25 aprile \u2013 ore 9.30-18.00<\/strong><br \/>\nPiano nobile e Giardini<br \/>\n<strong>FESTA DELLA LIBERAZIONE &#8211; Apertura a ingresso gratuito<\/strong><\/p>\n<p>Ingresso gratuito al complesso museale di Villa della Regina, incluse le mostre <em>Meraviglia. Viaggio nell\u2019arte di Ezio Gribaudo<\/em> e <em>\u201cLeda Melanitis\u201d. Farfalle e mitologie tra storia dell\u2019arte e Bio Art di Yiannis Melanitis<\/em>, in occasione della Festa nazionale della Liberazione.<\/p>\n<p>&#8212;<\/p>\n<p><strong>Domenica 26 aprile \u2013 ore 10.00-17.00<\/strong><br \/>\nGiardini e Padiglione dei Solinghi<br \/>\n<em><strong>Gli artisti dei Solinghi<\/strong><\/em><br \/>\nLaboratorio artistico a cura di Associazione PassepART-out<\/p>\n<p>Workshop dedicati alle arti manuali e visive, guidati da artiste e artisti esperti. Un\u2019occasione per sperimentare tecniche diverse, ispirandosi alla storia e all\u2019architettura di Villa della Regina e ai lavori esposti nella mostra di Ezio Gribaudo.<\/p>\n<p>PROGRAMMA<br \/>\nore 10.00-13.00:<br \/>\n\u2022 <em>Sbalzo su alluminio<\/em> \u2013 a cura di Clarissa Moretto: le persone che parteciperanno sceglieranno particolari architettonici di Villa della Regina e impareranno a riprodurli su lamiera di alluminio, dando vita a opere uniche e materiche<br \/>\nore 14.00-17.00:<br \/>\n\u2022 <em>Illustrazione con pittura acrilica<\/em> \u2013 con Daniele Costante: prendendo spunto dalla flora e dalla fauna che abitano i Giardini della Villa e della collina torinese le persone che parteciperanno potranno realizzare piccole opere di illustrazione apprendendo le basi della pittura con colori acrilici<\/p>\n<p>&#8212;<\/p>\n<p><strong>Domenica 3 maggio \u2013 ore 9.30-18.00<\/strong><br \/>\nPiano nobile e Giardini<br \/>\n<strong>Apertura a ingresso gratuito<\/strong><\/p>\n<p>In occasione dell\u2019iniziativa #domenicalmuseo che prevede l\u2019ingresso gratuito nei musei statali ogni prima domenica del mese, fino alle 17.00 sar\u00e0 possibile visitare gratuitamente la villa e i giardini, incluse le mostre <em>Meraviglia. Viaggio nell\u2019arte di Ezio Gribaudo<\/em> e <em>\u201cLeda Melanitis\u201d. Farfalle e mitologie tra storia dell\u2019arte e Bio Art di Yiannis Melanitis<\/em>.<\/p>\n<p>&#8212;<\/p>\n<p><strong>Domenica 3 maggio \u2013 ore 10.00-17.00<\/strong><br \/>\nGiardini e Padiglione dei Solinghi<br \/>\n<em><strong>Gli artisti dei Solinghi<\/strong><\/em><br \/>\nLaboratorio artistico a cura di Associazione PassepART-out<\/p>\n<p>Workshop dedicati alle arti manuali e visive, guidati da artiste e artisti esperti. Un\u2019occasione per sperimentare tecniche diverse, ispirandosi alla storia e all\u2019architettura di Villa della Regina e ai lavori esposti nella mostra di Ezio Gribaudo.<\/p>\n<p>PROGRAMMA<br \/>\nore 10.00-13.00:<br \/>\n\u2022 <em>Ritratto dal vero<\/em> \u2013 con Daniela Gjyzeli: le persone partecipanti si ritrarranno a vicenda, in coppia, ripercorrendo la tradizione dei ritratti che da secoli abitano Villa della Regina<br \/>\nore 14.00-17.00:<br \/>\n\u2022 <em>Stampa da monotipo<\/em> &#8211; con Giusy Longo: realizzando composizioni da dettagli estrapolati da decorazioni, dipinti, affreschi e arredamenti della Villa, i visitatori saranno seguiti passo passo per entrare nell\u2019affascinante mondo della stampa a tiratura unica del monotipo<\/p>\n<p>&#8212;<\/p>\n<p><strong>Gioved\u00ec 7 maggio \u2013 ore 10.00-13.00<\/strong><br \/>\nPiano nobile e Salone d\u2019Onore<br \/>\n<em><strong>Guida per un giorno<\/strong><\/em><\/p>\n<p>Visite guidate a Villa della Regina e alle opere della collezione permanente di arte contemporanea, a cura dagli studenti della Scuola secondaria inferiore dell\u2019Istituto Comprensivo Ezio Bosso di Torino (progetto Formazione Scuola-Lavoro).<\/p>\n<p>&#8212;<\/p>\n<p><strong>Venerd\u00ec 8 maggio \u2013 ore 16.00<\/strong><br \/>\nSALONE OFF<br \/>\nSalone d\u2019Onore e Giardini<br \/>\n<em><strong>Il sogno di Citera. Il giardino storico tra visioni letterarie, modelli umanistici e teatralit\u00e0 barocca.<\/strong><\/em><br \/>\nTappa 2 \u2013 Torino, Villa della Regina<br \/>\nConferenza a cura di Residenze reali sabaude, Ville e residenze monumentali fiorentine e Biblioteca Nazionale Universitaria di Torino con la partecipazione di Paolo Cornaglia, docente di Storia dell\u2019architettura al Politecnico di Torino.<\/p>\n<p>La conferenza rientra fra le attivit\u00e0 di formazione in collaborazione con la Fondazione Ordine Architetti di Torino. Per prenotazioni e per il riconoscimento dei crediti consultare il sito web della Fondazione OAT.<\/p>\n<p>&#8212;<\/p>\n<p><strong>Sabato 9 maggio \u2013 ore 9.30-13.30<\/strong><br \/>\nGiardini e Padiglione dei Solinghi<br \/>\n<em><strong>Workshop di acquerello en plein air: i colori della primavera nella Villa della Regina<\/strong><\/em><\/p>\n<p>Ultimo dei tre appuntamenti del corso di formazione a cura di Federico Morgando organizzato in collaborazione con la Fondazione Ordine Architetti di Torino e l\u2019Associazione \u201cAmici di Villa della Regina\u201d. Il corso si svolger\u00e0 nei giardini, tra natura e arte, per riscoprire il piacere di osservare e interpretare dal vero. Con il mutare della stagione si avr\u00e0 modo di cogliere e dipingere i colori freschi ed intensi della natura che si risveglia, scoprendo come essa possa essere un\u2019inesauribile fonte di ispirazione. Un\u2019occasione per architetti, designer, creativi e chiunque voglia allenare lo sguardo alla bellezza e all\u2019armonia, riscoprendo il disegno come strumento di osservazione, progettazione e benessere personale.<br \/>\nPer prenotazioni, costi e riconoscimento dei crediti consultare il sito web della <a href=\"https:\/\/www.fondazioneperlarchitettura.it\/corso\/workshop-di-acquerello-en-plein-air-i-colori-della-primavera-nella-villa-della-regina\/\">Fondazione OAT<\/a>.<br \/>\nIn caso di maltempo il corso si terr\u00e0 all\u2019interno.<\/p>\n<p>&#8212;<\/p>\n<p><strong>Sabato 9 maggio \u2013 ore 10.00-18.00<\/strong><br \/>\nSALONE OFF<br \/>\nPiano nobile e Salone d\u2019Onore<br \/>\n<em><strong>Guida per un giorno<\/strong><\/em><\/p>\n<p>Visite guidate a Villa della Regina e alle opere della collezione permanente di arte contemporanea, a cura dagli studenti del Liceo Valsalice di Torino (progetto Formazione Scuola-Lavoro).<\/p>\n<p>&#8212;<\/p>\n<p><strong>Domenica 10 maggio \u2013 ore 11.00<\/strong><br \/>\nSALONE OFF<br \/>\nSalone d\u2019Onore<br \/>\n<strong><em>Percorsi<\/em><\/strong><br \/>\nConcerto corale eseguito dal Sedicetto PoliEtnico del Politecnico di Torino, diretto dal Maestro Matteo Gentile<\/p>\n<p>Un concerto come mappa e come rotta: il programma attraversa secoli, lingue e geografie, intrecciando madrigali, canti popolari, spiritualit\u00e0 contemporanea e scrittura corale del nostro tempo. Ogni brano \u00e8 una tappa di un viaggio reale e immaginario, dove la voce esplora confini, memorie e altrove sonori. In dialogo con il tema della rassegna QU.EEN, il canto diventa gesto di scoperta, gioco e meraviglia, capace di abitare la natura e l\u2019artificio di Villa della Regina. Un percorso vocale che invita a muoversi, ascoltando, nello spazio e nel tempo.<br \/>\nIl concerto Percorsi \u00e8 diviso in tre sezioni: natura e artificio riguardante il viaggio come scoperta, esplorazione, gioco, meraviglia; il viaggio nel tempo; altrove sul viaggio al di l\u00e0 dei confini.<\/p>\n<p><strong>Matteo Gentile<\/strong> (Torino, 1999), \u00e8 dottorando in Prassi e Repertori della Musica Italiana al Conservatorio A. Vivaldi di Alessandria ed \u00e8 laureato in Musicologia all\u2019Universit\u00e0 degli Studi di Pavia e in Direzione di coro e Composizione corale al Conservatorio \u201cG. Verdi\u201d di Torino. Ha arricchito la propria formazione con il corso di alta specializzazione in estetica musicale del P.I.A.M.S. e attraverso masterclass dedicate alla direzione corale. Dal 2017 si dedica intensamente alla direzione corale, fondando e dirigendo diversi cori ed ensemble vocali tra cui Novi Cantores Torino e assistendo alla direzione, come maestro collaboratore, di prestigiose realt\u00e0 torinesi quali l\u2019Accademia Maghini, l\u2019Accademia Corale Stefano Tempia e la Corale Universitaria di Torino. Nel 2022 \u00e8 stato direttore ospite del Coro G (dir. Carlo Pavese), e nel 2024 del Coro Musicaviva.<\/p>\n<p><strong>Il Sedicetto PoliEtnico<\/strong>. All\u2019interno del coro Polietnico (PoliTO), considerata la diversit\u00e0 di esperienze musicali dei coristi, tra i quali sono presenti ragazzi sia con notevoli studi musicali alle spalle, sia con elevatissime potenzialit\u00e0 canore, nell\u2019ottica della valorizzazione delle eccellenze e al fine di offrire un costante stimolo didattico, \u00e8 stato creato un gruppo da camera con organico ridotto: il \u201cSedicetto\u201d, diretto da Matteo Gentile. Nel \u201cSedicetto\u201d, il cui organico pu\u00f2 variare semestralmente a seconda della disponibilit\u00e0 e del livello dei coristi, requisito essenziale per l\u2019accesso \u00e8 l\u2019autonomia di lettura e di studio, in quanto viene affrontato un repertorio pi\u00f9 impegnativo e musicalmente complesso. Il gruppo da camera permette dunque l\u2019esplorazione di quei repertori che l\u2019intero coro non potrebbe fisiologicamente affrontare, sia per livello musicale, sia per brillantezza e agilit\u00e0 di esecuzione.<\/p>\n<p>&#8212;<\/p>\n<p><strong>Domenica 10 maggio \u2013 ore 14.30<\/strong><br \/>\nSALONE OFF<br \/>\nSalone d\u2019Onore<br \/>\n<strong>Biblioteca Vivente<\/strong> a cura dell\u2019Associazione il Bandolo in collaborazione con Salone OFF del Salone Internazionale del Libro di Torino<\/p>\n<p>SiaMOVoce \u00e8 un movimento eterogeneo e inclusivo nato per dare voce alle persone con esperienza di sofferenza mentale. Anche quest\u2019anno si trasforma in Biblioteca Vivente in una splendida cornice torinese: attraverso la lettura di un Libro Umano, i lettori potranno confrontarsi con emozioni, pregiudizi e storie spesso fuori dai margini. In questa seconda edizione il catalogo \u00e8 ancora pi\u00f9 ricco ed emozionante.<\/p>\n<p>&#8212;<\/p>\n<p><strong>Gioved\u00ec 14 maggio \u2013 ore 16.00<\/strong><br \/>\nSALONE OFF<br \/>\nSalone d\u2019Onore<br \/>\n<em><strong>Trame di relazioni e tessiture politiche tra i volumi della Biblioteca della Regina<\/strong><\/em><br \/>\nConferenza di Marzia Dina Pontone, direttrice della Biblioteca Nazionale Universitaria di Torino<\/p>\n<p>La Biblioteca Nazionale Universitaria di Torino conserva in deposito un imponente fondo librario appartenuto alla regina Margherita, composto da circa 13.560 volumi. Tra le carte compaiono numerose dediche personali, che rivelano la fitta rete di relazioni intessute dalla sovrana negli anni, raccontando una politica al femminile sapientemente alimentata anche attraverso l&#8217;oggetto libro.<\/p>\n<p><strong>Marzia Dina Pontone<\/strong>, attualmente Direttrice della Biblioteca Nazionale Universitaria di Torino, \u00e8 stata Soprintendente per gli archivi e le biblioteche del Piemonte e della Valle d&#8217;Aosta (2024-2025), Direttrice della Biblioteca Nazionale Braidense di Milano (2022-2023) e della Biblioteca Nazionale Universitaria di Pavia (2021-2023). In precedenza \u00e8 stata funzionaria bibliotecaria presso la Soprintendenza Archivistica e Bibliografica della Lombardia (2017-2021) e, prima ancora, curatrice dei manoscritti medievali presso l\u2019Archivio Storico Civico e Biblioteca Trivulziana del Comune di Milano (2007-2017). Paleografa e filologa di formazione, ha conseguito anche un master in management dei beni culturali. \u00c8 curatrice di mostre bibliografiche e autrice di monografie e saggi scientifici sull\u2019et\u00e0 umanistica e sul collezionismo librario tra Settecento e Ottocento.<\/p>\n<p>&#8212;<\/p>\n<p><strong>Venerd\u00ec 15 maggio \u2013 ore 16.00<\/strong><br \/>\nSALONE OFF<br \/>\nSalone d\u2019Onore<br \/>\n<em><strong>Metamorfosi. Pittura tra sogno, mito e spiritualit\u00e0<\/strong><\/em><br \/>\nIncontro con l\u2019artista Ciro Palumbo a cura dell\u2019Accademia Albertina di Belle Arti di Torino<\/p>\n<p>Presentazione del secondo volume del catalogo ragionato e della raccolta <em>Mn\u00e8mes. I quaderni della memoria<\/em>, editi da Archeion \u2013 Archivio Ciro Palumbo. L\u2019incontro \u00e8 dedicato alla presentazione delle due pubblicazioni, che documentano e approfondiscono il percorso artistico dell\u2019autore attraverso un rigoroso lavoro critico e archivistico. Insieme a Ciro Palumbo, interverranno Roberto Mastroianni, curatore e docente dell\u2019Accademia Albertina di Belle Arti di Torino, Martina Cavallarin, curatrice e critica indipendente, e Anna Marchitelli, scrittrice e giornalista.<\/p>\n<p>&#8212;<\/p>\n<p><strong>Sabato 16 maggio \u2013 ore 10.30<\/strong><br \/>\nSALONE OFF<br \/>\nGiardini e Padiglione dei Solinghi<br \/>\n<em><strong>Alla ricerca del giardino perduto<\/strong><\/em><br \/>\nLaboratorio nell\u2019ambito di <em>Villa in famiglia<\/em>, in collaborazione con la Villa medicea della Petraia di Firenze<\/p>\n<p>Un viaggio nel tempo e nello spazio dal giardino rinascimentale delle ville medicee fiorentine al giardino all\u2019italiana di Villa della Regina, con la guida di un esperto viaggiatore dell\u2019epoca che condurr\u00e0 in un mondo dove realt\u00e0 e fantasia si intrecciano.<br \/>\nAttraverso giochi, esplorazioni e attivit\u00e0 creative, bambine e bambini scopriranno somiglianze e differenze tra questi straordinari spazi verdi, vivendo il giardino come un luogo di scoperta e meraviglia, in cui passato e presente dialogano tra loro.<\/p>\n<p>&#8212;<\/p>\n<p><strong>Domenica 17 maggio \u2013 ore 11.00<\/strong><br \/>\nSALONE OFF<br \/>\nSalone d\u2019Onore<br \/>\n<em><strong>Maria Cristina di Savoia e le Regine d\u2019Italia<\/strong><\/em><\/p>\n<p>Incontro con Luciano Regolo, autore di volumi sulle regine Maria Cristina di Savoia, Margherita di Savoia, Elena del Montenegro e Maria Jos\u00e9 del Belgio, e Mario Cinelli, giornalista; promosso dal Salone Internazionale del Libro di Torino in collaborazione con la casa editrice Edizioni Ares.<br \/>\nL\u2019intervento propone per le diverse figure femminili un ritratto umano e psicologico, anche attraverso ponti tra la vita privata e il contesto storico internazionale. Il volume pi\u00f9 recente di Regolo \u00e8 dedicato a Maria Cristina di Savoia, ultimogenita di Vittorio Emanuele I, regina delle Due Sicilie, proclamata beata nel 2014.<\/p>\n<p><strong>Luciano Regolo<\/strong> (1966), giornalista, ha pubblicato con la casa editrice Edizioni Ares le biografie delle tre regine d\u2019Italia: Margherita di Savoia, Elena del Montenegro, Maria Jos\u00e9 del Belgio.<br \/>\n<strong>Mario Cinelli<\/strong>, giornalista, \u00e8 vicedirettore vicario di \u201ciO Donna\u201d.<\/p>\n<p>&#8212;<\/p>\n<p><strong>Gioved\u00ec 21 maggio \u2013 ore 15.00<\/strong><br \/>\nPiano nobile di Villa della Regina e Archivio Gribaudo<br \/>\n<em><strong>Visita guidata alla mostra \u201cMeraviglia. Viaggio nell\u2019arte di Ezio Gribaudo\u201d e all\u2019Archivio Gribaudo<\/strong><\/em><\/p>\n<p>Un percorso itinerante nell\u2019universo artistico di Ezio Gribaudo: si comincia con la visita guidata alla mostra <em>Meraviglia. Viaggio nell\u2019arte di Ezio Gribaudo<\/em>, ospitata nelle sale auliche di Villa della Regina, per raggiungere poi con una breve passeggiata il vicino Archivio Gribaudo (via Giuseppe Biamonti 15) e scoprire, con la guida di Paola Gribaudo, opere d\u2019arte, libri, documenti e strumenti di lavoro dell\u2019artista raccolti all\u2019interno di un affascinante edificio brutalista progettato da Andrea Bruno.<\/p>\n<p>&#8212;<\/p>\n<p><strong>Sabato 23 maggio \u2013 ore 18.00-21.00 (ultimo ingresso 20.00)<\/strong><br \/>\nSalone d\u2019Onore<br \/>\n<em><strong>Apertura straordinaria serale e finissage della rassegna<\/strong><\/em><\/p>\n<p>In coincidenza con la Notte Europea dei Musei, apertura straordinaria serale con ingresso al costo simbolico di 1 euro: presentazione del catalogo della mostra e concerto jazz di Simone Garino e Mattia Barbieri.<\/p>\n<p>Il complesso museale prolungher\u00e0 l\u2019orario di apertura in occasione dell\u2019evento di finissage dell\u2019edizione primaverile 2026 della rassegna culturale QU.EEN. La serata vedr\u00e0 la presentazione del catalogo della mostra di Ezio Gribaudo, edito da Prinp Editore, e sar\u00e0 animata dal concerto jazz di Simone Garino e Mattia Barbieri.<\/p>\n<p>Il <strong>duo Simone Garino \/ Mattia Barbieri<\/strong> \u00e8 un progetto di improvvisazione libera per strumenti a fiato (saxofoni, clarinetti, flauti) e percussioni, nato da una collaborazione artistica pluriennale. Simone Garino e Mattia Barbieri hanno sviluppato un linguaggio condiviso fatto di ascolto profondo, interplay e continua esplorazione timbrica, maturato sia nel lavoro in duo sia in numerosi ensemble e progetti comuni. Tra le collaborazioni pi\u00f9 significative, la realizzazione \u2014 insieme al compositore Fabio Barovero \u2014 della colonna sonora del documentario <em>Arte Povera &#8211; Appunti per la Storia<\/em> prodotto da Sky Arte.<\/p>\n<p><strong>Simone Garino<\/strong>, musicista eclettico e multiforme, suona tutta la gamma dei sassofoni e dei clarinetti. \u00c8 co-leader del duo Mizookstra, con il produttore e sound-designer Mario Conte, e del quartetto Night Dreamers, resident band della trasmissione Rai5 Nessun Dorma. Tra le collaborazioni pi\u00f9 recenti, quelle con Rhabdomantic Orchestra e con Andrea Laszlo De Simone, nella colonna sonora di <em>Le R\u00e8gne Animal<\/em>, vincitrice del premio C\u00e9sar per la migliore musica da film. Nel 2024 \u00e8 stato sax alto solista con l&#8217;Orchestra Sinfonica Nazionale della Rai, diretta da Vimbayi Kaziboni, per la prima italiana di <em>A House of Call<\/em> di Heiner Goebbels. Si \u00e8 esibito in alcuni dei principali festival, club e teatri internazionali, dalla Carnegie Hall di New York al Teatro Nazionale del Senegal, collaborando tra gli altri con Peter Gabriel, Billy Cobham, Jon Balke, Anthony Braxton, Enrico Rava e Patrizio Fariselli.<br \/>\n<strong>Mattia Barbieri<\/strong> \u00e8 un batterista e percussionista italiano attivo nell\u2019ambito della musica improvvisata, del jazz di ricerca e dei linguaggi contemporanei. La sua pratica si distingue per una forte attenzione al suono e alla dimensione timbrica dello strumento, unendo energia, controllo dinamico e sensibilit\u00e0 all\u2019interplay. Nel corso degli anni ha lavorato stabilmente con i Mau Mau, con cui ha suonato in tre tour europei. Membro da anni del progetto FuriousMingus di Furio Di Castri con Nguyen Le e Achille Succi, ha all&#8217;attivo collaborazioni pluriennali con Richard Galliano, Rita Marcotulli, Peppe Servillo, Javier Girotto, Gabriele Mirabassi, Flavio Boltro, Stefano Risso, Giovanni Falzone. Con Gianni Denitto e Fabio Giachino \u00e8 membro dei TUN, trio che coniuga jazz e techno. Ha collaborato anche con i Real World Studios di Peter Gabriel, e si \u00e8 esibito nei principali jazz festival internazionali.<\/p>\n<p>&#8212;<\/p>\n<p><img loading=\"lazy\" decoding=\"async\" class=\"aligncenter size-full wp-image-164\" src=\"http:\/\/museipiemonte.cultura.gov.it\/wp-content\/uploads\/2015\/11\/hr2.png\" alt=\"hr2\" width=\"164\" height=\"50\" \/><\/p>\n<h5><strong>EVENTI PASSATI<\/strong><\/h5>\n<p>&nbsp;<\/p>\n<p><img loading=\"lazy\" decoding=\"async\" class=\"aligncenter size-full wp-image-164\" src=\"http:\/\/museipiemonte.cultura.gov.it\/wp-content\/uploads\/2015\/11\/hr2.png\" alt=\"hr2\" width=\"164\" height=\"50\" \/><\/p>\n<h5 style=\"text-align: left;\"><a name=\"info\"><\/a>INFORMAZIONI, ORARI E BIGLIETTI<\/h5>\n<p><strong>Villa della Regina<\/strong><br \/>\nStrada Santa Margherita, 79 \u2013 Torino<\/p>\n<p><strong>ORARIO<\/strong><br \/>\nmarted\u00ec, mercoled\u00ec, gioved\u00ec, venerd\u00ec, sabato, domenica e festivi dalle 9.30 alle 18.00 (ultimo ingresso 17.00)<br \/>\nluned\u00ec chiuso<\/p>\n<p><strong>Aperture straordinarie:<\/strong><br \/>\n\u2022 luned\u00ec 6 aprile per il Luned\u00ec dell\u2019Angelo dalle 9.30 alle 18.00 (ultimo ingresso 17.00) \u2013 chiuso marted\u00ec 7 aprile<br \/>\n\u2022 sabato 23 maggio dalle 9.30 alle 20.30 (ultimo ingresso 20.00), in occasione della Notte Europea dei Musei; dalle 18.00 ingresso al costo simbolico di 1 euro<\/p>\n<p class=\"p1\"><strong>Modalit\u00e0 di partecipazione agli eventi della rassegna:<\/strong><br \/>\n\u2022 Ingresso gratuito per conferenze e talk<br \/>\n\u2022 Ingresso incluso nel biglietto di accesso al complesso museale per le altre attivit\u00e0 (visite alle mostre, visite guidate, laboratori artistici e didattici, concerti): all\u2019interno della residenza biglietto Villa+Giardini, intero \u20ac 10,00; all\u2019esterno biglietto Giardini, intero \u20ac 5,00<br \/>\n\u2022 Ingresso gratuito per le visite al complesso museale e per tutte le attivit\u00e0 nelle domeniche 5 aprile e 3 maggio per l\u2019iniziativa #domenicalmuseo e sabato 25 aprile per la Festa nazionale della Liberazione Ingresso speciale a \u20ac 1,00 sabato 23 maggio dalle 18.00 alle 20.30 (ultimo ingresso alle 20.00)<\/p>\n<p><strong>Prenotazione obbligatoria:<\/strong><br \/>\n\u2022 per visite alle mostre, visite guidate, laboratori artistici e didattici: <a href=\"mailto:drm-pie.villadellaregina@cultura.gov.it\">drm-pie.villadellaregina@cultura.gov.it<\/a>; 011 8195035<br \/>\n\u2022 per concerti, conferenze e talk sul sito web <a href=\"https:\/\/www.museiitaliani.it\/\">Musei Italiani<\/a> oppure tramite App Musei Italiani<\/p>\n<p><strong>TARIFFE<\/strong><\/p>\n<p class=\"p1\">\u2022 Biglietto Villa+Giardini: \u20ac 10,00<br \/>\n\u2022 Biglietto Giardini: \u20ac 5,00<br \/>\n\u2022 Ridotto \u20ac 2,00: dai 18 ai 25 anni; persone in possesso della carta \u201cIo leggo di Pi\u00f9\u201d del Circolo dei lettori Torino; iscritti Scuola Holden Torino<br \/>\n\u2022 Gratuito per: minori di 18 anni; docenti della scuola, di ruolo o con contratto a termine, su presentazione della certificazione del proprio stato di docente; docenti e studenti delle facolt\u00e0 di architettura, di conservazione dei beni culturali, di scienze della formazione e dei corsi di laurea in lettere o materie letterarie con indirizzo archeologico o storico-artistico delle facolt\u00e0 di lettere e filosofia, delle accademie di belle arti o dei corsi e degli istituti corrispondenti negli Stati membri dell\u2019Unione Europea (il biglietto gratuito \u00e8 rilasciato agli studenti mediante esibizione del certificato di iscrizione per l\u2019anno accademico in corso); titolari dell\u2019Abbonamento Musei, Torino+Piemonte Card e Royal Pass; personale Ministero della cultura; membri ICOM; giornalisti muniti di tessera professionale; persone con disabilit\u00e0 e relativi accompagnatori; operatori delle associazioni di volontariato che svolgano, in base a convenzioni in essere stipulate con il Ministero ai sensi dell\u2019articolo 112, comma 8, del Codice, attivit\u00e0 di promozione e diffusione della conoscenza dei beni culturali; possessori di Passaporto Culturale \u2013 progetto Nati con la Cultura.<br \/>\n\u2022 Gratuito nelle domeniche 5 aprile e 3 maggio per l\u2019iniziativa #domenicalmuseo e sabato 25 aprile per la Festa nazionale della Liberazione<br \/>\n\u2022 Biglietto \u20ac 1,00 sabato 23 maggio dalle 18.00 alle 20.30 (ultimo ingresso alle 20.00), in occasione della Notte Europea dei Musei<\/p>\n<p><img loading=\"lazy\" decoding=\"async\" class=\"aligncenter size-full wp-image-164\" src=\"http:\/\/museipiemonte.cultura.gov.it\/wp-content\/uploads\/2015\/11\/hr2.png\" alt=\"hr2\" width=\"164\" height=\"50\" \/><\/p>\n<h5 style=\"text-align: left;\"><a name=\"progetto\"><\/a>PROGETTO SCIENTIFICO<\/h5>\n<p><strong>CONTESTO E OBIETTIVI <\/strong><\/p>\n<p>Il tema letterario ha connotato la storia di Villa della Regina in diverse forme fin dalle sue origini: all\u2019inizio del Seicento, il Cardinal Maurizio di Savoia commissiona la realizzazione della residenza su modello delle ville romane sedi di importanti salotti culturali e fonda l&#8217;Accademia dei Solinghi, raccogliendo attorno a s\u00e9 illustri uomini di lettere del tempo; dal 1868 e fino alla seconda guerra mondiale, la materia letteraria assume una declinazione didattica, in rapporto alla destinazione dell\u2019edificio a sede scolastica dell\u2019Istituto Nazionale per le Figlie dei Militari Italiani; e ancora la dimensione letteraria trova espressione attraverso le attivit\u00e0 di studio, ricerca, ai progetti di valorizzazione e mediazione che la Villa accoglie nell\u2019ambito della sua attuale configurazione museale, in aperto rapporto con la citt\u00e0.<\/p>\n<p>Al fine di riscoprire l\u2019identit\u00e0 culturale di Villa della Regina in relazione alla sfera letteraria, il progetto intende proporre la realizzazione di una rassegna culturale volta a far emergere nuove possibili letture di tale peculiare vocazione umanistica della residenza sabauda. L\u2019iniziativa \u00e8 intesa, inoltre, come occasione di valorizzazione di Villa della Regina quale organico complesso di residenza con parco e giardini, nelle cui pertinenze esterne storicamente si intrecciano le funzioni agricole connesse alla Vigna e la visione arcadica, profondamente colta, dell\u2019ambiente naturale.<\/p>\n<p>Per la prima edizione, la rassegna \u00e8 dedicata alle intersezioni tra la <em>carta<\/em>, il <em>racconto<\/em> e la <em>memoria<\/em>. Il tema della letterariet\u00e0 \u00e8 qui inteso sia in riferimento ai contenuti storici di Villa della Regina \u2013 gli incontri dell\u2019Accademia dei Solinghi, i riferimenti letterari del programma iconografico seicentesco oggi leggibile per frammenti, l\u2019uso scolastico all\u2019epoca dell\u2019Istituto Nazionale delle Figlie dei Militari \u2013 sia quale strumento per dare espressione alla realt\u00e0 della Villa nella sua dimensione museale contemporanea, esplorandone la storia e il presente attraverso nuove narrazioni. La forma narrativa \u00e8 sollecitata nelle sue potenzialit\u00e0 di dispositivo della memoria, sia collettivo che individuale. La carta, <em>medium<\/em> letterario e artistico per antonomasia, assume qui anche la valenza simbolica di testimonianza materiale della lacuna, rimando alla fragilit\u00e0 e alla natura frammentaria degli apparati decorativi della residenza, in parte perduti e in parte ricollocati in altre sedi: un caso emblematico \u00e8 quello della settecentesca Biblioteca realizzata dall\u2019ebanista Pietro Piffetti per Carlo Emanuele III, trasferita al Palazzo del Quirinale a Roma nel 1879 per volont\u00e0 della regina Margherita.<\/p>\n<p>Il progetto prevede la realizzazione di tre mostre personali e un calendario di eventi e attivit\u00e0 collaterali connesse al tema della rassegna, da svolgersi negli spazi interni e nei giardini di Villa della Regina in due appuntamenti, uno primaverile in occasione del Salone Internazionale del Libro, uno autunnale in concomitanza con l\u2019Art Week torinese.<\/p>\n<p>La rassegna \u00e8 promossa dalle Residenze reali sabaude \u2013 Direzione regionale Musei nazionali Piemonte e realizzata a cura di Roberto Mastroianni, Sara Lyla Mantica e Valeria Amalfitano con il coordinamento scientifico di Filippo Masino.<\/p>\n<p><strong>\u00a0<\/strong><img loading=\"lazy\" decoding=\"async\" class=\"aligncenter size-full wp-image-164\" src=\"http:\/\/museipiemonte.cultura.gov.it\/wp-content\/uploads\/2015\/11\/hr2.png\" alt=\"hr2\" width=\"164\" height=\"50\" \/><\/p>\n<h5 style=\"text-align: left;\"><a name=\"credits\"><\/a>CREDITI E RINGRAZIAMENTI<\/h5>\n<p><strong>RASSEGNA CULTURALE<\/strong><\/p>\n<p style=\"text-align: left;\"><strong>QU.EEN<br \/>\n<\/strong><strong>narrazioni d\u2019arte e natura a Villa della Regina<\/strong><\/p>\n<p>II edizione \u2013 primavera 2026<\/p>\n<p style=\"text-align: left;\"><em>a cura di<\/em><br \/>\nRoberto Mastroianni, Sara Lyla Mantica, Valeria Amalfitano<\/p>\n<p style=\"text-align: left;\"><em>Coordinamento scientifico<\/em><br \/>\nFilippo Masino<\/p>\n<p>________<\/p>\n<p><em>Ente promotore<\/em><br \/>\nMinistero della cultura<br \/>\nResidenze reali sabaude &#8211; Direzione regionale Musei nazionali Piemonte<\/p>\n<p><em>Direttore<\/em><br \/>\nFilippo Masino<\/p>\n<p><em>Segreteria di Direzione<\/em><br \/>\nAlida Dell\u2019Anna<\/p>\n<p><em>Villa della Regina<\/em><br \/>\nSara Lyla Mantica, direttrice<br \/>\nValeria Amalfitano<br \/>\nGiulia Comello<br \/>\nChiara Galvan<\/p>\n<p><em>Ufficio Comunicazione<\/em><br \/>\nMaria D\u2019Amuri, resp.<br \/>\nDiego Mirenghi<br \/>\ncon la White &#8211; press office and more<\/p>\n<p><em>Servizi Educativi<\/em><br \/>\nValeria Amalfitano<br \/>\nValentina Faudino<\/p>\n<p><em>Accessibilit\u00e0<\/em><br \/>\nAntonio Mellano<\/p>\n<p><em>Ufficio informatico<\/em><br \/>\nAlessandro Gabutto, resp.<br \/>\nGabriele Fortino<\/p>\n<p><em>Ufficio Personale<\/em><br \/>\nMichela Gatti, resp.<br \/>\nMartina Domenica Bonaccorsi<br \/>\nGiulia Cima<br \/>\nPaola Erra<\/p>\n<p><em>Ufficio Concessioni e Conto Terzi<\/em><br \/>\nClaudia Ghersi<br \/>\nTeresa Salzano<\/p>\n<p><em>Ufficio Contabilit\u00e0 e Contratti<br \/>\n<\/em>Maria Antonietta Motolese, resp.<br \/>\nAlessandra Cavone<br \/>\nLuigi Facciponte<br \/>\nLara Imparato<br \/>\nTania Mastrodicasa<br \/>\nAnna Ida Musolino<br \/>\nValeria Trotto Gatta<\/p>\n<p><em>Staff e Servizi educativi di Villa della Regina<\/em><br \/>\nMaria Silvia Andorno, Carmelo Ansalone, Margherita Argentero, Nicola Beretta, Chiara De Andreis, Angela Forte, Enrico Manias, Beatrice Orlandi, Alessandro Pane, Andrea Pirone, Ludovico Salvadore, Giovanna Zarrigo<\/p>\n<p>________<\/p>\n<p><em>La rassegna \u00e8 realizzata con la collaborazione di<br \/>\n<\/em>Techne Art Service, Torino<br \/>\nArchivio Gribaudo, Torino<br \/>\nAccademia Albertina di Belle Arti di Torino<br \/>\nAccademia di Belle Arti di Atene<br \/>\nBiblioteca Nazionale Centrale di Firenze<br \/>\nBiblioteca Nazionale Universitaria di Torino<br \/>\nVille e residenze monumentali fiorentine \u2013 Villa medicea della Petraia, Firenze<br \/>\nSalone OFF \u2013 Salone Internazionale del Libro di Torino<br \/>\nPolitecnico di Torino<br \/>\nFondazione Circolo dei lettori, Torino<br \/>\nScuola Holden, Torino<br \/>\nFondazione per l\u2019Architettura Torino<br \/>\nAssociazione il Bandolo<br \/>\nAssociazione di Promozione Sociale Teatro8<br \/>\nAssociazione PassepArt-Out<br \/>\nAssociazione Amici di Villa della Regina<br \/>\nArchivio Ciro Palumbo<br \/>\nPrinp Editore<br \/>\nIstituto Comprensivo Ezio Bosso di Torino<br \/>\nLiceo Valsalice di Torino<br \/>\nGilson Silveira \/ Nico Di Battista<br \/>\nSimone Garino \/ Mattia Barbieri<br \/>\nTramezzino<\/p>\n<p><em>Si ringraziano<\/em><br \/>\nFabio Amerio, Pierdomenico Baccalario, Mattia Barbieri, Andrea Bellandi, Federica Bergamini, Salvo Bitonti, Alessandro Botta, Maria Teresa Buttigliengo, Martina Cavallarin, Mario Cinelli, Edoardo Conoscenti, Paolo Cornaglia, Daniele Costante, Paolo Cova, Giuseppe Culicchia, Patrizia Da Rold, Nico Di Battista, Emanuela Maria Di Giovanni, Paola Galletto, Simone Garino, Matteo Gentile, Daniela Gjyzeli, Martino Gozzi, Paola Gribaudo, Alberico Guerzoni, Giusy Longo, Anna Marchitelli, Carola Messina, Claudia Mezzapesa, Roberto Mastroianni, Yiannis Melanitis, Margherita Minelli, Clarissa Moretto, Federico Morgando, Ciro Palumbo, Marco Pautasso, Marzia Dina Pontone, Luciano Regolo, Dario Salani, Matteo Scavetta, Gilson Silveira, Sandra Tucci, Fabio Uliana, Giulia Valenzano, Lilou Vidal.<\/p>\n","protected":false},"excerpt":{"rendered":"<p>QU.EEN narrazioni d\u2019arte e natura a Villa della Regina II edizione &#8211; primavera 2026 25 marzo \u2013 24 maggio 2026 ________ &nbsp; \u25ba IL PROGRAMMA DELLA RASSEGNA \u25ba INFORMAZIONI, ORARI E BIGLIETTI \u25ba IL PROGETTO [&hellip;]<\/p>\n","protected":false},"author":1,"featured_media":0,"parent":0,"menu_order":0,"comment_status":"closed","ping_status":"closed","template":"page-templates\/page_fullwidth.php","meta":{"footnotes":""},"class_list":["post-12297","page","type-page","status-publish","hentry"],"_links":{"self":[{"href":"https:\/\/museipiemonte.cultura.gov.it\/index.php\/wp-json\/wp\/v2\/pages\/12297","targetHints":{"allow":["GET"]}}],"collection":[{"href":"https:\/\/museipiemonte.cultura.gov.it\/index.php\/wp-json\/wp\/v2\/pages"}],"about":[{"href":"https:\/\/museipiemonte.cultura.gov.it\/index.php\/wp-json\/wp\/v2\/types\/page"}],"author":[{"embeddable":true,"href":"https:\/\/museipiemonte.cultura.gov.it\/index.php\/wp-json\/wp\/v2\/users\/1"}],"replies":[{"embeddable":true,"href":"https:\/\/museipiemonte.cultura.gov.it\/index.php\/wp-json\/wp\/v2\/comments?post=12297"}],"version-history":[{"count":47,"href":"https:\/\/museipiemonte.cultura.gov.it\/index.php\/wp-json\/wp\/v2\/pages\/12297\/revisions"}],"predecessor-version":[{"id":14102,"href":"https:\/\/museipiemonte.cultura.gov.it\/index.php\/wp-json\/wp\/v2\/pages\/12297\/revisions\/14102"}],"wp:attachment":[{"href":"https:\/\/museipiemonte.cultura.gov.it\/index.php\/wp-json\/wp\/v2\/media?parent=12297"}],"curies":[{"name":"wp","href":"https:\/\/api.w.org\/{rel}","templated":true}]}}