{"id":13147,"date":"2025-09-22T10:24:06","date_gmt":"2025-09-22T08:24:06","guid":{"rendered":"http:\/\/museipiemonte.cultura.gov.it\/?page_id=13147"},"modified":"2026-03-24T13:31:24","modified_gmt":"2026-03-24T12:31:24","slug":"qu-een-2025-primavera","status":"publish","type":"page","link":"https:\/\/museipiemonte.cultura.gov.it\/index.php\/qu-een-2025-primavera\/","title":{"rendered":"QU.EEN 2025 &#8211; primavera"},"content":{"rendered":"<h1 style=\"text-align: center;\"><img loading=\"lazy\" decoding=\"async\" class=\"aligncenter size-medium wp-image-12338\" src=\"http:\/\/museipiemonte.cultura.gov.it\/wp-content\/uploads\/2025\/04\/QUEEN_logo_png_white-500x500.png\" alt=\"QUEEN_logo_png_white\" width=\"200\" height=\"200\" srcset=\"https:\/\/museipiemonte.cultura.gov.it\/wp-content\/uploads\/2025\/04\/QUEEN_logo_png_white-500x500.png 500w, https:\/\/museipiemonte.cultura.gov.it\/wp-content\/uploads\/2025\/04\/QUEEN_logo_png_white-150x150.png 150w, https:\/\/museipiemonte.cultura.gov.it\/wp-content\/uploads\/2025\/04\/QUEEN_logo_png_white-1024x1024.png 1024w, https:\/\/museipiemonte.cultura.gov.it\/wp-content\/uploads\/2025\/04\/QUEEN_logo_png_white-830x830.png 830w, https:\/\/museipiemonte.cultura.gov.it\/wp-content\/uploads\/2025\/04\/QUEEN_logo_png_white-230x230.png 230w, https:\/\/museipiemonte.cultura.gov.it\/wp-content\/uploads\/2025\/04\/QUEEN_logo_png_white-350x350.png 350w\" sizes=\"auto, (max-width: 200px) 100vw, 200px\" \/><\/h1>\n<h1 style=\"text-align: center;\"><span style=\"color: #008080;\"><strong>QU.EEN<\/strong><\/span><\/h1>\n<h4 style=\"text-align: center;\"><span style=\"color: #008080;\"><strong>narrazioni d\u2019arte e natura<br \/>\na Villa della Regina<\/strong><\/span><\/h4>\n<h4 style=\"text-align: center;\"><\/h4>\n<h6 style=\"text-align: center;\">I edizione &#8211; primavera 2025<\/h6>\n<h6 style=\"text-align: center;\">10 aprile \u2013 18 maggio 2025<\/h6>\n<p style=\"text-align: center;\">________<\/p>\n<h5 style=\"text-align: center;\"><a href=\"#programma\">\u25ba IL PROGRAMMA DELLA RASSEGNA<\/a><\/h5>\n<h5 style=\"text-align: center;\"><a href=\"#navetta\">\u25ba\u00a0ORARI NAVETTA SALONE DEL LIBRO<\/a><\/h5>\n<h5 style=\"text-align: center;\"><a href=\"#info\">\u25ba INFORMAZIONI, ORARI E BIGLIETTI<\/a><\/h5>\n<h5 style=\"text-align: center;\"><a href=\"#progetto\">\u25ba IL PROGETTO SCIENTIFICO<\/a><\/h5>\n<h5 style=\"text-align: center;\"><a href=\"#credits\">\u25ba CREDITI E RINGRAZIAMENTI<\/a><\/h5>\n<p style=\"text-align: center;\">________<\/p>\n<h5 style=\"text-align: left;\"><a name=\"programma\"><\/a>IL PROGRAMMA DELLA RASSEGNA<\/h5>\n<p><strong>Gioved\u00ec 10 aprile \u2013 domenica 18 maggio<br \/>\n<\/strong>Piano nobile e Salone d\u2019Onore<br \/>\n<strong><em>Il tempo opportuno<br \/>\n<\/em><\/strong>Mostra personale di Massimo Giannoni<\/p>\n<p>&#8212;<\/p>\n<p><strong>Venerd\u00ec 11 aprile \u2013 ore 15.00-18.00<br \/>\n<\/strong>Giardini, Padiglione dei Solinghi e Parterre sud<br \/>\n<strong><em>Le artiste dei Solinghi<br \/>\n<\/em><\/strong>Laboratorio artistico a cura dell\u2019Associazione PassepART-out:\u00a0<em>Sbalzo su alluminio<\/em>\u00a0con Clarissa Moretto e\u00a0<em>Tecniche di rilegatura<\/em>\u00a0con Lucia Santoni (Padiglione dei Solinghi);\u00a0<em>Come sviluppare un\u2019azione performativa<\/em>\u00a0con Rebecca Cerutti (Parterre sud)<\/p>\n<p>Il workshop, dedicato ai linguaggi dell\u2019arte contemporanea in rapporto al disegno, alla letteratura, alla botanica e alla performance, propone tre attivit\u00e0. Sotto la guida di Clarissa Moretto sar\u00e0 possibile apprendere le basi dell\u2019incisione a sbalzo raffigurante un dettaglio architettonico di Villa della Regina, usando materiali di recupero. Lucia Santoni insegner\u00e0 semplici tecniche di legatoria, come la legatura a tre fori, la rilegatura giapponese e il leporello, per creare taccuini personalizzati con materiali di recupero (\u00e8 possibile l\u2019uso di materiali propri). Rebecca Cerutti esplorer\u00e0 invece la performance art attraverso un approccio teorico e pratico, usando il corpo come mezzo espressivo e inviter\u00e0 a sviluppare un progetto individuale per una performance artistica, partendo da un libro\/testo e\/o un oggetto personale. Sar\u00e0 inclusa un\u2019introduzione alla storia della performance. Non \u00e8 necessaria una conoscenza pregressa, ma soltanto tanta curiosit\u00e0. Il corso si svolge esclusivamente all\u2019aperto e in caso di maltempo sar\u00e0 annullato o rinviato.<\/p>\n<p>&#8212;<\/p>\n<p><strong>Sabato 12 aprile \u2013 ore 16.00<br \/>\n<\/strong>Piano nobile e Salone d\u2019Onore<br \/>\n<strong>Visita guidata\u00a0<\/strong>alla mostra\u00a0<em>Il tempo opportuno<\/em>\u00a0di Massimo Giannoni, con la presenza dell\u2019artista<\/p>\n<p>&#8212;<\/p>\n<p><strong>Domenica 13 aprile \u2013 ore 11.00<br \/>\n<\/strong><strong><em>Il Giardino segreto<br \/>\n<\/em><\/strong>Attivit\u00e0 didattica per bambine e bambini nell\u2019ambito di\u00a0<em>Disegniamo l\u2019arte<\/em>, l\u2019iniziativa promossa da Abbonamento Musei, quest\u2019anno dedicata al tema\u00a0<em>Segreti Svelati. Misteri e curiosit\u00e0 dei musei<\/em>.<\/p>\n<p>Per molti anni sulla collina di Torino \u00e8 esistito un giardino segreto e camminando tra gli alberi del bosco si incontravano sculture e fontane ricoperte di rami e foglie. Oggi il giardino segreto \u00e8 tornato a essere il parco di Villa della Regina e tutti possono ammirarlo. Per\u00f2 sarebbe una bella avventura immaginare di nuovo un bosco impenetrabile dove svelare monumenti nascosti. L&#8217;attivit\u00e0 si svolge in giardino con una tappa alla mostra di Massimo Giannoni e si conclude con un laboratorio di disegno nel Giardino dei fiori.<\/p>\n<p>&#8212;<\/p>\n<p><strong>Gioved\u00ec 17 aprile \u2013 ore 15.00<br \/>\n<\/strong>Piano nobile e Salone d\u2019Onore<br \/>\n<strong>Visita guidata\u00a0<\/strong>alla mostra\u00a0<em>Il tempo opportuno<\/em>\u00a0di Massimo Giannoni<\/p>\n<p>&#8212;<\/p>\n<p><strong>Venerd\u00ec 18 aprile<\/strong>\u00a0<strong>\u2013 ore 15.00-18.00<br \/>\n<\/strong>Giardini, Padiglione dei Solinghi e Parterre sud<br \/>\n<strong><em>Le artiste dei Solinghi<br \/>\n<\/em><\/strong>Laboratorio artistico a cura dell\u2019Associazione PassepART-out:\u00a0<em>Sbalzo su alluminio<\/em>\u00a0con Clarissa Moretto e\u00a0<em>Ritratto dal vero<\/em>\u00a0con Daniela Gjyzeli (Padiglione dei Solinghi);\u00a0<em>Come sviluppare un\u2019azione performativa<\/em>\u00a0con Rebecca Cerutti (Parterre sud)<\/p>\n<p>Il workshop, dedicato ai linguaggi dell\u2019arte contemporanea in rapporto al disegno, alla letteratura, alla botanica e alla performance, propone tre attivit\u00e0. Sotto la guida di Clarissa Moretto sar\u00e0 possibile apprendere le basi dell\u2019incisione a sbalzo raffigurante un dettaglio architettonico di Villa della Regina e gli elementi scelti saranno di facile esecuzione per favorire la partecipazione di pi\u00f9 gruppi, arricchendo la visita guidata. Rebecca Cerutti esplorer\u00e0 invece la performance art attraverso un approccio teorico e pratico, usando il corpo come mezzo espressivo e inviter\u00e0 a sviluppare un progetto individuale per una performance artistica, partendo da un libro\/testo e\/o un oggetto personale. Sar\u00e0 inclusa un\u2019introduzione alla storia della performance. Non \u00e8 necessaria una conoscenza pregressa, ma soltanto tanta curiosit\u00e0. Il corso si svolge esclusivamente all\u2019aperto e in caso di maltempo sar\u00e0 annullato o rinviato. Daniela Gjyzeli, traendo ispirazione dalla ritrattistica delle regine che hanno vissuto nella residenza, insegner\u00e0 le basi del disegno a matita per ritratti dal vero e le persone partecipanti potranno alternarsi nel ruolo di artiste, artisti, modelle e modelli. Sono previsti una dimostrazione iniziale, esercizi in coppia e l\u2019uso di tecniche semplificate con materiali economici: l&#8217;obiettivo \u00e8 sviluppare un\u2019osservazione critica e realizzare ritratti realistici in breve tempo.<\/p>\n<p>&#8212;<\/p>\n<p><strong>Gioved\u00ec 24 aprile<\/strong>\u00a0<strong>\u2013 ore 15.00<br \/>\n<\/strong>Piano nobile e Salone d\u2019Onore<br \/>\n<strong>Visita guidata\u00a0<\/strong>alla mostra\u00a0<em>Il tempo opportuno<\/em>\u00a0di Massimo Giannoni<\/p>\n<p>&#8212;<\/p>\n<p><strong>Venerd\u00ec 25 aprile \u2013 ore<\/strong>\u00a0<strong>9.30-13.00 e 14.00-18.00 (ultimo ingresso 17.00)<br \/>\n<\/strong><strong>Ingresso gratuito<\/strong>\u00a0a Villa della Regina e alla mostra\u00a0<em>Il tempo opportuno<\/em>\u00a0di Massimo Giannoni, in occasione della Festa nazionale della Liberazione<\/p>\n<p>&#8212;<\/p>\n<p><strong>Sabato 26 aprile \u2013 ore 16.00<br \/>\n<\/strong>Salone d\u2019Onore<br \/>\n<strong><em>Il groviglio verde. Raccontare piante e foreste ai tempi della crisi climatica<br \/>\n<\/em><\/strong>Conferenza di Danilo Zagaria e Eleni Molos, nella settimana della Giornata mondiale del libro e del diritto d\u2019autore e della Giornata Mondiale della Terra<\/p>\n<p>Una foresta non \u00e8 solo un mero insieme di alberi. Raccontarla significa dunque narrare di acque e clima, di pioggia e fuoco, di biodiversit\u00e0 e sottosuolo, di citt\u00e0 in rovina e popoli nativi. Dai funghi alle migrazioni vegetali, dalla foresta boreale all\u2019Amazzonia, passando per l\u2019architettura green delle metropoli pi\u00f9 avveniristiche: come funziona il groviglio verde? E soprattutto: lo stiamo descrivendo nel migliore dei modi e con cognizione di causa? Quali sono gli interrogativi sulle foreste che ancora restano insoluti in questa epoca di crisi climatica ambientale? E quali le metafore impiegate dagli scienziati per arrivare al grande pubblico? In che modo i grandi narratori del nostro tempo stanno inserendo gli alberi nei loro romanzi, nei loro film e, pi\u00f9 in generale, nelle loro opere? Provare a capirlo \u00e8 un passo nella complessit\u00e0 del mondo naturale e nell\u2019intrico delle relazioni che lo costituiscono.<\/p>\n<p>&#8212;<\/p>\n<p><strong>Domenica 27 aprile \u2013 ore 11.00<br \/>\n<\/strong>Piano nobile e Giardini<br \/>\n<strong><em>Villa in Famiglia<br \/>\n<\/em><\/strong>Visita guidata alla mostra per bambine e bambini e laboratorio grafico dedicato alla mostra\u00a0<em>Il tempo opportuno<\/em>\u00a0di Massimo Giannoni, in collaborazione con Associazione PassepART-out<\/p>\n<p>In occasione della Giornata mondiale del disegno, reinventiamo le sale di Villa della Regina seguendo le orme dell\u2019artista Massimo Giannoni! Dopo la visita guidata alla mostra\u00a0<em>Il tempo opportuno<\/em>, le piccole visitatrici e i piccoli visitatori saranno chiamati a reinterpretare in un proprio disegno le opere dell\u2019artista, creando cos\u00ec una rassegna parallela che rimarr\u00e0 visibile fino al termine della mostra.<\/p>\n<p>&#8212;<\/p>\n<p><strong>Domenica 4 maggio<\/strong>\u00a0<strong>\u2013 ore<\/strong>\u00a0<strong>9.30-18.00 (ultimo ingresso 17.00)<br \/>\n<\/strong><strong>Ingresso gratuito<\/strong>\u00a0a Villa della Regina<br \/>\nIngresso gratuito a Villa della Regina e alla mostra\u00a0<em>Il tempo opportuno<\/em>\u00a0di Massimo Giannoni, in occasione di Domenica al museo<\/p>\n<p>&#8212;<\/p>\n<p><strong>Mercoled\u00ec 7 maggio \u2013 ore 11.00<\/strong><\/p>\n<p>Piano nobile e Salone d\u2019Onore<br \/>\n<strong>Visita partecipata<\/strong>\u00a0con Mondi in Citt\u00e0 onlus per l\u2019avvio di progetto finalizzato alla sperimentazione di nuove narrazioni del patrimonio<\/p>\n<p>Mondi in Citt\u00e0 \u00e8 un\u2019organizzazione non lucrativa di utilit\u00e0 sociale (onlus) nata nel 2014 per favorire il dialogo interculturale e la coesione sociale. Concentra la sua attenzione sull\u2019integrazione delle famiglie immigrate dai paesi extra europei, attraverso il coinvolgimento e la partecipazione attiva delle donne, promuovendo iniziative che per sostenere l\u2019interazione delle comunit\u00e0 immigrate con la citt\u00e0.<br \/>\nLa collaborazione tra Mondi in Citt\u00e0 intende avviare un percorso di esplorazione partecipata del patrimonio del complesso di residenza e giardini \u2013 caratterizzato dalla particolare declinazione legata a personaggi storici femminili \u2013 nonch\u00e9 delle esposizioni legate alla rassegna QU.EEN, con un focus sul tema delle narrazioni attraverso la contaminazione di linguaggi, nell&#8217;ottica di stimolare letture plurali del museo, dei suoi contenuti materiali e immateriali e rafforzare il valore relazionale.<\/p>\n<p>&#8212;<\/p>\n<p><strong>Mercoled\u00ec 7 maggio \u2013 ore 17.00<br \/>\n<\/strong>Salone d\u2019Onore<br \/>\n<strong><em>Pennellate di storia: disegnare il mondo con la tecnica dell\u2019acquerello<br \/>\n<\/em><\/strong>Conferenza di Federico Morgando, in collaborazione con l\u2019Associazione \u201cAmici di Villa della Regina\u201d<\/p>\n<p>Nell\u2019immaginario collettivo l\u2019acquerello \u00e8 la tecnica usata dalle nobili fanciulle inglesi dalla fine del Settecento ai primi del Novecento. In realt\u00e0 quasi da sempre, grazie alla sua versatilit\u00e0, l\u2019acquerello ha rappresentato la realt\u00e0 in tantissimi suoi aspetti: scientifico, storico, stilistico e di costume. Questi saranno i temi trattati nell\u2019incontro.<\/p>\n<p>&#8212;<\/p>\n<p><strong>Gioved\u00ec 8 maggio \u2013 ore 15.00<br \/>\n<\/strong>Piano nobile e Salone d\u2019Onore<br \/>\n<strong>Visita guidata\u00a0<\/strong>alla mostra\u00a0<em>Il tempo opportuno<\/em>\u00a0di Massimo Giannoni<\/p>\n<p>&#8212;<\/p>\n<p><strong>Gioved\u00ec 8 maggio \u2013 ore 17.00<br \/>\n<\/strong><strong><em>Ex libris ed ex librerie da un ex libraio<br \/>\n<\/em><\/strong>Conferenza di Giuseppe Culicchia, in collaborazione con la Fondazione Circolo dei lettori<\/p>\n<p>Giuseppe Culicchia, ex libraio, scrittore e direttore della Fondazione Circolo dei lettori, racconta le librerie torinesi che non ci sono pi\u00f9, un atto d\u2019amore e di memoria al tempo in cui i libri si ordinano con un click, e ogni nuovo click mette a rischio le librerie superstiti.<\/p>\n<p>&#8212;<\/p>\n<p><strong>Venerd\u00ec 9 maggio \u2013 ore 15.00-18.00<br \/>\n<\/strong><strong>Salone OFF<br \/>\n<\/strong>Giardini, Padiglione dei Solinghi e Parterre sud<br \/>\n<strong><em>Le artiste dei Solinghi<br \/>\n<\/em><\/strong>Laboratorio artistico a cura dell\u2019Associazione PassepART-out:\u00a0<em>Tecniche di rilegatura<\/em>\u00a0con Lucia Santoni e\u00a0<em>Crea il tuo libretto di botanica<\/em>\u00a0con Agapi Kanellopoulou (Padiglione dei Solinghi);\u00a0<em>Come sviluppare un\u2019azione performativa<\/em>\u00a0con Rebecca Cerutti (Parterre sud)<\/p>\n<p>Il workshop, dedicato ai linguaggi dell\u2019arte contemporanea in rapporto al disegno, alla letteratura, alla botanica e alla performance, propone tre attivit\u00e0. Lucia Santoni insegner\u00e0 semplici tecniche di legatoria, come la legatura a tre fori, la rilegatura giapponese e il leporello, per creare taccuini personalizzati con materiali di recupero (\u00e8 possibile l\u2019uso di materiali propri). Sotto la guida di Agapi Kanellopoulou sar\u00e0 possibile creare un libro di botanica personalizzato, dipingendo ad acquerello i fiori presenti nei giardini di Villa della Regina. Aperto a tutti i livelli, include sessioni di osservazione, pittura dal vero e una lezione finale di rilegatura per completare il libretto. Rebecca Cerutti esplorer\u00e0 invece la performance art attraverso un approccio teorico e pratico, usando il corpo come mezzo espressivo e inviter\u00e0 a sviluppare un progetto individuale per una performance artistica, partendo da un libro\/testo e\/o un oggetto personale. Sar\u00e0 inclusa un\u2019introduzione alla storia della performance. Non \u00e8 necessaria una conoscenza pregressa, ma soltanto tanta curiosit\u00e0. Il corso si svolge esclusivamente all\u2019aperto e in caso di maltempo sar\u00e0 annullato o rinviato.<\/p>\n<p>&#8212;<\/p>\n<p><strong>Sabato 10 maggio \u2013 ore 15.30<br \/>\n<\/strong><strong>Salone OFF<br \/>\n<\/strong>Salone d\u2019Onore e Sala audiovisivi<br \/>\n<strong>Tavola rotonda<\/strong>, con docenti, dottorande e dottorandi dell&#8217;Accademia Albertina di Belle Arti di Torino;\u00a0<strong>installazione multimediale e performance partecipativa\u00a0<em>Sete<\/em><\/strong>, a cura di Chiara Causo<\/p>\n<p>La tavola rotonda, organizzata insieme a insegnanti e dottorande e dottorandi dell&#8217;Accademia Albertina di Belle Arti di Torino, propone un confronto sulle trasformazioni che stanno ridefinendo la ricerca artistica contemporanea e sull\u2019impatto delle transizioni ecologica e digitale nei processi creativi, esplorando nuovi materiali, linguaggi e visioni.<br \/>\n<em>Sete<\/em>\u00a0\u00e8 un\u2019azione partecipativa che nasce dal sodalizio artistico tra Andrea Stefanelli, Morgana Cavicchioli, Laura Manetti e Diana Sonetto, a cura di Chiara Causo, che invita alla riflessione sulla criticit\u00e0 del problema ambientale. Utilizzando i linguaggi dell\u2019arte digitale e delle tecniche performative gli artisti e le artiste propongono un\u2019esperienza partecipativa in cui i dispositivi tecnologici diventano un flusso d\u2019acqua in continuo movimento. La performance riprende il concetto di flusso nella libert\u00e0 delle azioni condotte spontaneamente in un insieme che fa dell\u2019esperienza estetica, sonora e vissuta un\u2019occasione per sensibilizzare le coscienze rispetto al drammatico e apparentemente irreversibile spreco delle risorse idriche.<\/p>\n<p>&#8212;<\/p>\n<p><strong>Mercoled\u00ec 14 maggio \u2013 ore 17.00<br \/>\n<\/strong><strong>Salone OFF<br \/>\n<\/strong>Salone d\u2019Onore<br \/>\n<strong><em>Per una filosofia dell\u2019amore. Viaggio letterario nella storia del sentimento amoroso, da Platone a Michela Murgia<br \/>\n<\/em><\/strong>Conferenza di Martino Gozzi e Annalisa Ambrosio, in collaborazione con Scuola Holden.<\/p>\n<p>Nell\u2019arco dei secoli, la filosofia si \u00e8 interrogata poco sull\u2019amore: soprattutto se pensiamo a quale impatto ha l\u2019esperienza amorosa sulle vite di tutti noi. A raccogliere la sfida \u2013 e tentare quindi di darne una definizione, descrivendone i processi alchemici \u2013 \u00e8 stata semmai la letteratura, che fin dagli albori dell\u2019epoca moderna ha narrato l\u2019innamoramento, l\u2019attrazione fisica, la vita di coppia, la fine dell\u2019amore. Ebbene, proprio la letteratura ci segnala oggi che qualcosa sta cambiando, qualcosa \u00e8 cambiato: l\u2019amore non \u00e8 pi\u00f9 lo stesso. \u00c8 diverso, e merita di essere raccontato.<\/p>\n<p>&#8212;<\/p>\n<p><strong>Gioved\u00ec 15 maggio<\/strong>\u00a0<strong>\u2013 ore 15.00<br \/>\n<\/strong><strong>Salone OFF<br \/>\n<\/strong>Piano nobile e Salone d\u2019Onore<br \/>\n<strong>Visita guidata\u00a0<\/strong>alla mostra\u00a0<em>Il tempo opportuno<\/em>\u00a0di Massimo Giannoni<\/p>\n<p>&#8212;<\/p>\n<p><strong>Venerd\u00ec 16 maggio \u2013 ore 15.00-18.00<br \/>\n<\/strong><strong>Salone OFF<br \/>\n<\/strong>Giardini, Padiglione dei Solinghi e Parterre sud<br \/>\n<strong><em>Le artiste dei Solinghi<br \/>\n<\/em><\/strong>Laboratorio artistico a cura dell\u2019Associazione PassepART-out:\u00a0<em>Crea il tuo libretto di botanica<\/em>\u00a0con Agapi Kanellopoulou e\u00a0<em>Ritratto dal vero<\/em>\u00a0con Daniela Gjyzeli (Padiglione dei Solinghi);\u00a0<em>Come sviluppare un\u2019azione performativa<\/em>\u00a0con Rebecca Cerutti (Parterre sud)<\/p>\n<p>Il workshop, dedicato ai linguaggi dell\u2019arte contemporanea in rapporto al disegno, alla letteratura, alla botanica e alla performance, propone tre attivit\u00e0. Sotto la guida di Agapi Kanellopoulou sar\u00e0 possibile creare un libro di botanica personalizzato, dipingendo ad acquerello i fiori presenti nei giardini di Villa della Regina. Aperto a tutti i livelli, include sessioni di osservazione, pittura dal vero e una lezione finale di rilegatura per completare il libretto. Daniela Gjyzeli, traendo ispirazione dalla ritrattistica delle regine che hanno vissuto nella residenza, insegner\u00e0 le basi del disegno a matita per ritratti dal vero e le persone partecipanti potranno alternarsi nel ruolo di artiste, artisti, modelle e modelli. Sono previsti una dimostrazione iniziale, esercizi in coppia e l\u2019uso di tecniche semplificate con materiali economici: l&#8217;obiettivo \u00e8 sviluppare un\u2019osservazione critica e realizzare ritratti realistici in breve tempo. Rebecca Cerutti esplorer\u00e0 invece la performance art attraverso un approccio teorico e pratico, usando il corpo come mezzo espressivo e inviter\u00e0 a sviluppare un progetto individuale per una performance artistica, partendo da un libro\/testo e\/o un oggetto personale. Sar\u00e0 inclusa un\u2019introduzione alla storia della performance. Non \u00e8 necessaria una conoscenza pregressa, ma soltanto tanta curiosit\u00e0. Il corso si svolge esclusivamente all\u2019aperto e in caso di maltempo sar\u00e0 annullato o rinviato.<\/p>\n<p>&#8212;<\/p>\n<p><strong>Sabato 17 maggio \u2013 ore 15.00<br \/>\n<\/strong><strong>Salone OFF<br \/>\n<\/strong>Giardini e Padiglione dei Solinghi<br \/>\n<strong><em>Villa in Famiglia \u2013 Libri silenziosi<br \/>\n<\/em><\/strong>Laboratorio didattico<\/p>\n<p>In occasione del Salone Internazionale del Libro di Torino, il museo propone un laboratorio dedicato ai cosiddetti \u2018silent book\u2019: le porcellane che decoravano gli splendidi gabinetti cinesi della residenza prenderanno vita grazie a un libro silenzioso, fatto di sole immagini e nessuna parola. A seguire, piccoli gruppi di visitatrici e visitatori diventeranno protagonisti della lettura di un silent book, dando libera espressione alle loro personali narrazioni e interpretazioni della storia.<\/p>\n<p>&#8212;<\/p>\n<p><strong>Sabato 17 maggio \u2013 ore 18.00-21.00<br \/>\n<\/strong><strong>Salone OFF<br \/>\n<\/strong>Salone d\u2019Onore<\/p>\n<p>In coincidenza con la Notte Europea dei Musei e in collaborazione con il Salone OFF,\u00a0<strong>apertura straordinaria serale<\/strong>\u00a0con ingresso al costo simbolico di 1 euro:\u00a0<strong>conferenza<\/strong>\u00a0dell\u2019artista Massimo Giannoni in dialogo con Roberto Mastroianni e presentazione del catalogo della mostra;\u00a0<strong>concerto jazz\u00a0<em>Deconstructing Standards<\/em><\/strong>\u00a0di Garino\/Anelli Evol Duo, con Simone Garino (sassofono) e Michele Anelli (contrabbasso)<\/p>\n<p>Un incontro dedicato alla pratica artistica di Massimo Giannoni, protagonista della mostra\u00a0<em>Il tempo opportuno<\/em>, realizzata per Villa della Regina intessendo un dialogo intorno ai temi della letteratura, della memoria, del rapporto tra spazi fisici e interiori e delle trasformazioni che questi subiscono nel tempo. Il tema del tempo, nella sua sospensione e persistenza, \u00e8 il cuore della ricerca pittorica di Giannoni.\u00a0<em>Il tempo opportuno<\/em>\u00a0non \u00e8 qualcosa di misurabile, ma un tempo interiore: \u00e8 il concetto di Kairos (\u03ba\u03b1\u03af\u03c1\u03bf\u03c2), il tempo dell\u2019occasione, dell\u2019intuizione e della rivelazione, in cui la realt\u00e0 si carica di significato e l\u2019istante si fa eterno.<\/p>\n<p>Il concerto<em>\u00a0Deconstructing Standards<\/em>\u00a0vede protagonista il sodalizio artistico tra il saxofonista Simone Garino e il contrabbassista Michele Anelli, realt\u00e0 ormai consolidata nel panorama della musica improvvisata torinese. In occasione dell\u2019esibizione a Villa della Regina, il duo presenter\u00e0 un repertorio di standard e composizioni di jazzisti moderni come Thelonious Monk e Charles Mingus, con arrangiamenti originali e momenti di libera improvvisazione, in un incontro tra la tradizione delle\u00a0<em>song<\/em>\u00a0americane e la ricerca di una sonorit\u00e0 contemporanea.<\/p>\n<p>&nbsp;<\/p>\n<blockquote>\n<p style=\"text-align: center;\"><strong><a href=\"http:\/\/museipiemonte.cultura.gov.it\/?p=12297\">Sabato 17 e domenica 18 maggio sar\u00e0 disponibile una navetta gratuita di collegamento tra il Salone Internazionale del Libro e Villa della Regina.<\/a><\/strong><\/p>\n<\/blockquote>\n<h5 style=\"text-align: left;\"><\/h5>\n<h5 style=\"text-align: left;\"><a name=\"navetta\"><\/a><strong>ORARI NAVETTA<\/strong><\/h5>\n<p>Clicca sulle localit\u00e0 per conoscere l&#8217;esatta posizione del passaggio della navetta<\/p>\n<p><strong>sabato 17 maggio<\/strong><br \/>\n<a href=\"https:\/\/urlsand.esvalabs.com\/?u=https%3A%2F%2Fwww.google.com%2Fmaps%2Fplace%2FVia%2BNizza%2C%2B289%2C%2B10126%2BTorino%2BTO%2Fdata%3D%214m6%213m5%211s0x478812b862239999%3A0x8fa35b0bb65eccf9%217e2%218m2%213d45.030527299999996%214d7.666444599999999%3Futm_source%3Dmstt_1%26entry%3Dgps%26coh%3D192189%26g_ep%3DCAESBzI1LjE4LjAYACDXggMqdSw5NDIyMzI5OSw5NDIxNjQxMyw5NDIxMjQ5Niw5NDI1MDk1NCw5NDIwNzM5NCw5NDIwNzUwNiw5NDIwODUwNiw5NDIxNzUyMyw5NDIxODY1Myw5NDIyOTgzOSw0NzA4NDM5Myw5NDIxMzIwMCw5NDI1ODMxOUICSVQ%253D%26skid%3D2b3f6be4-6de6-4121-bdd0-159f921898d2%26g_st%3Daw&amp;e=72d222bb&amp;h=f16aeae2&amp;f=n&amp;p=y\" target=\"_blank\" rel=\"noopener\">Lingotto Fiere<\/a>\u00a0&#8211;\u00a0<a href=\"https:\/\/urlsand.esvalabs.com\/?u=https%3A%2F%2Fwww.google.com%2Fmaps%2Fplace%2F45.061798%2C7.699412%2Fdata%3D%214m6%213m5%211s0%217e2%218m2%213d45.061797999999996%214d7.6994124%3Futm_source%3Dmstt_1%26entry%3Dgps%26coh%3D192189%26g_ep%3DCAESBzI1LjE4LjAYACD67A0qdSw5NDIyMzI5OSw5NDIxNjQxMyw5NDIxMjQ5Niw5NDI1MDk1NCw5NDIwNzM5NCw5NDIwNzUwNiw5NDIwODUwNiw5NDIxNzUyMyw5NDIxODY1Myw5NDIyOTgzOSw0NzA4NDM5Myw5NDIxMzIwMCw5NDI1ODMxOUICSVQ%253D%26skid%3Db1a4a103-7efc-4e27-befb-540735939e1a%26g_st%3Daw&amp;e=72d222bb&amp;h=df2a1d51&amp;f=n&amp;p=y\" target=\"_blank\" rel=\"noopener\">Gran Madre<\/a>\u00a0&#8211;\u00a0<a href=\"https:\/\/urlsand.esvalabs.com\/?u=https%3A%2F%2Fwww.google.com%2Fmaps%2Fplace%2F45.058115%2C7.707165%2Fdata%3D%214m6%213m5%211s0%217e2%218m2%213d45.0581149%214d7.7071653%3Futm_source%3Dmstt_1%26entry%3Dgps%26coh%3D192189%26g_ep%3DCAESBzI1LjE4LjAYACD67A0qdSw5NDIyMzI5OSw5NDIxNjQxMyw5NDIxMjQ5Niw5NDI1MDk1NCw5NDIwNzM5NCw5NDIwNzUwNiw5NDIwODUwNiw5NDIxNzUyMyw5NDIxODY1Myw5NDIyOTgzOSw0NzA4NDM5Myw5NDIxMzIwMCw5NDI1ODMxOUICSVQ%253D%26skid%3Da0871bb2-4bd2-49e7-981a-52c67a59b7b4%26g_st%3Daw&amp;e=72d222bb&amp;h=c3919b70&amp;f=n&amp;p=y\" target=\"_blank\" rel=\"noopener\">Villa della Regina<\/a>\u00a0partenza h. 13.00<br \/>\n<a href=\"https:\/\/urlsand.esvalabs.com\/?u=https%3A%2F%2Fwww.google.com%2Fmaps%2Fplace%2F45.058115%2C7.707165%2Fdata%3D%214m6%213m5%211s0%217e2%218m2%213d45.0581149%214d7.7071653%3Futm_source%3Dmstt_1%26entry%3Dgps%26coh%3D192189%26g_ep%3DCAESBzI1LjE4LjAYACD67A0qdSw5NDIyMzI5OSw5NDIxNjQxMyw5NDIxMjQ5Niw5NDI1MDk1NCw5NDIwNzM5NCw5NDIwNzUwNiw5NDIwODUwNiw5NDIxNzUyMyw5NDIxODY1Myw5NDIyOTgzOSw0NzA4NDM5Myw5NDIxMzIwMCw5NDI1ODMxOUICSVQ%253D%26skid%3Da0871bb2-4bd2-49e7-981a-52c67a59b7b4%26g_st%3Daw&amp;e=72d222bb&amp;h=c3919b70&amp;f=n&amp;p=y\" target=\"_blank\" rel=\"noopener\">Villa della Regina<\/a>\u00a0&#8211;\u00a0<a href=\"https:\/\/urlsand.esvalabs.com\/?u=https%3A%2F%2Fwww.google.com%2Fmaps%2Fplace%2FVia%2BNizza%2C%2B289%2C%2B10126%2BTorino%2BTO%2Fdata%3D%214m6%213m5%211s0x478812b862239999%3A0x8fa35b0bb65eccf9%217e2%218m2%213d45.030527299999996%214d7.666444599999999%3Futm_source%3Dmstt_1%26entry%3Dgps%26coh%3D192189%26g_ep%3DCAESBzI1LjE4LjAYACDXggMqdSw5NDIyMzI5OSw5NDIxNjQxMyw5NDIxMjQ5Niw5NDI1MDk1NCw5NDIwNzM5NCw5NDIwNzUwNiw5NDIwODUwNiw5NDIxNzUyMyw5NDIxODY1Myw5NDIyOTgzOSw0NzA4NDM5Myw5NDIxMzIwMCw5NDI1ODMxOUICSVQ%253D%26skid%3D2b3f6be4-6de6-4121-bdd0-159f921898d2%26g_st%3Daw&amp;e=72d222bb&amp;h=f16aeae2&amp;f=n&amp;p=y\" target=\"_blank\" rel=\"noopener\">Lingotto Fiere<\/a>\u00a0partenza h. 13.45<br \/>\n<a href=\"https:\/\/urlsand.esvalabs.com\/?u=https%3A%2F%2Fwww.google.com%2Fmaps%2Fplace%2FVia%2BNizza%2C%2B289%2C%2B10126%2BTorino%2BTO%2Fdata%3D%214m6%213m5%211s0x478812b862239999%3A0x8fa35b0bb65eccf9%217e2%218m2%213d45.030527299999996%214d7.666444599999999%3Futm_source%3Dmstt_1%26entry%3Dgps%26coh%3D192189%26g_ep%3DCAESBzI1LjE4LjAYACDXggMqdSw5NDIyMzI5OSw5NDIxNjQxMyw5NDIxMjQ5Niw5NDI1MDk1NCw5NDIwNzM5NCw5NDIwNzUwNiw5NDIwODUwNiw5NDIxNzUyMyw5NDIxODY1Myw5NDIyOTgzOSw0NzA4NDM5Myw5NDIxMzIwMCw5NDI1ODMxOUICSVQ%253D%26skid%3D2b3f6be4-6de6-4121-bdd0-159f921898d2%26g_st%3Daw&amp;e=72d222bb&amp;h=f16aeae2&amp;f=n&amp;p=y\" target=\"_blank\" rel=\"noopener\">Lingotto Fiere<\/a>\u00a0&#8211;\u00a0<a href=\"https:\/\/urlsand.esvalabs.com\/?u=https%3A%2F%2Fwww.google.com%2Fmaps%2Fplace%2F45.061798%2C7.699412%2Fdata%3D%214m6%213m5%211s0%217e2%218m2%213d45.061797999999996%214d7.6994124%3Futm_source%3Dmstt_1%26entry%3Dgps%26coh%3D192189%26g_ep%3DCAESBzI1LjE4LjAYACD67A0qdSw5NDIyMzI5OSw5NDIxNjQxMyw5NDIxMjQ5Niw5NDI1MDk1NCw5NDIwNzM5NCw5NDIwNzUwNiw5NDIwODUwNiw5NDIxNzUyMyw5NDIxODY1Myw5NDIyOTgzOSw0NzA4NDM5Myw5NDIxMzIwMCw5NDI1ODMxOUICSVQ%253D%26skid%3Db1a4a103-7efc-4e27-befb-540735939e1a%26g_st%3Daw&amp;e=72d222bb&amp;h=df2a1d51&amp;f=n&amp;p=y\" target=\"_blank\" rel=\"noopener\">Gran Madre<\/a>\u00a0&#8211;\u00a0<a href=\"https:\/\/urlsand.esvalabs.com\/?u=https%3A%2F%2Fwww.google.com%2Fmaps%2Fplace%2F45.058115%2C7.707165%2Fdata%3D%214m6%213m5%211s0%217e2%218m2%213d45.0581149%214d7.7071653%3Futm_source%3Dmstt_1%26entry%3Dgps%26coh%3D192189%26g_ep%3DCAESBzI1LjE4LjAYACD67A0qdSw5NDIyMzI5OSw5NDIxNjQxMyw5NDIxMjQ5Niw5NDI1MDk1NCw5NDIwNzM5NCw5NDIwNzUwNiw5NDIwODUwNiw5NDIxNzUyMyw5NDIxODY1Myw5NDIyOTgzOSw0NzA4NDM5Myw5NDIxMzIwMCw5NDI1ODMxOUICSVQ%253D%26skid%3Da0871bb2-4bd2-49e7-981a-52c67a59b7b4%26g_st%3Daw&amp;e=72d222bb&amp;h=c3919b70&amp;f=n&amp;p=y\" target=\"_blank\" rel=\"noopener\">Villa della Regina<\/a>\u00a0partenza h. 14.45<br \/>\n<a href=\"https:\/\/urlsand.esvalabs.com\/?u=https%3A%2F%2Fwww.google.com%2Fmaps%2Fplace%2F45.058115%2C7.707165%2Fdata%3D%214m6%213m5%211s0%217e2%218m2%213d45.0581149%214d7.7071653%3Futm_source%3Dmstt_1%26entry%3Dgps%26coh%3D192189%26g_ep%3DCAESBzI1LjE4LjAYACD67A0qdSw5NDIyMzI5OSw5NDIxNjQxMyw5NDIxMjQ5Niw5NDI1MDk1NCw5NDIwNzM5NCw5NDIwNzUwNiw5NDIwODUwNiw5NDIxNzUyMyw5NDIxODY1Myw5NDIyOTgzOSw0NzA4NDM5Myw5NDIxMzIwMCw5NDI1ODMxOUICSVQ%253D%26skid%3Da0871bb2-4bd2-49e7-981a-52c67a59b7b4%26g_st%3Daw&amp;e=72d222bb&amp;h=c3919b70&amp;f=n&amp;p=y\" target=\"_blank\" rel=\"noopener\">Villa della Regina<\/a>\u00a0&#8211;\u00a0<a href=\"https:\/\/urlsand.esvalabs.com\/?u=https%3A%2F%2Fwww.google.com%2Fmaps%2Fplace%2FVia%2BNizza%2C%2B289%2C%2B10126%2BTorino%2BTO%2Fdata%3D%214m6%213m5%211s0x478812b862239999%3A0x8fa35b0bb65eccf9%217e2%218m2%213d45.030527299999996%214d7.666444599999999%3Futm_source%3Dmstt_1%26entry%3Dgps%26coh%3D192189%26g_ep%3DCAESBzI1LjE4LjAYACDXggMqdSw5NDIyMzI5OSw5NDIxNjQxMyw5NDIxMjQ5Niw5NDI1MDk1NCw5NDIwNzM5NCw5NDIwNzUwNiw5NDIwODUwNiw5NDIxNzUyMyw5NDIxODY1Myw5NDIyOTgzOSw0NzA4NDM5Myw5NDIxMzIwMCw5NDI1ODMxOUICSVQ%253D%26skid%3D2b3f6be4-6de6-4121-bdd0-159f921898d2%26g_st%3Daw&amp;e=72d222bb&amp;h=f16aeae2&amp;f=n&amp;p=y\" target=\"_blank\" rel=\"noopener\">Lingotto Fiere<\/a>\u00a0partenza h. 15.30<br \/>\n<a href=\"https:\/\/urlsand.esvalabs.com\/?u=https%3A%2F%2Fwww.google.com%2Fmaps%2Fplace%2FVia%2BNizza%2C%2B289%2C%2B10126%2BTorino%2BTO%2Fdata%3D%214m6%213m5%211s0x478812b862239999%3A0x8fa35b0bb65eccf9%217e2%218m2%213d45.030527299999996%214d7.666444599999999%3Futm_source%3Dmstt_1%26entry%3Dgps%26coh%3D192189%26g_ep%3DCAESBzI1LjE4LjAYACDXggMqdSw5NDIyMzI5OSw5NDIxNjQxMyw5NDIxMjQ5Niw5NDI1MDk1NCw5NDIwNzM5NCw5NDIwNzUwNiw5NDIwODUwNiw5NDIxNzUyMyw5NDIxODY1Myw5NDIyOTgzOSw0NzA4NDM5Myw5NDIxMzIwMCw5NDI1ODMxOUICSVQ%253D%26skid%3D2b3f6be4-6de6-4121-bdd0-159f921898d2%26g_st%3Daw&amp;e=72d222bb&amp;h=f16aeae2&amp;f=n&amp;p=y\" target=\"_blank\" rel=\"noopener\">Lingotto Fiere<\/a>\u00a0&#8211;\u00a0<a href=\"https:\/\/urlsand.esvalabs.com\/?u=https%3A%2F%2Fwww.google.com%2Fmaps%2Fplace%2F45.061798%2C7.699412%2Fdata%3D%214m6%213m5%211s0%217e2%218m2%213d45.061797999999996%214d7.6994124%3Futm_source%3Dmstt_1%26entry%3Dgps%26coh%3D192189%26g_ep%3DCAESBzI1LjE4LjAYACD67A0qdSw5NDIyMzI5OSw5NDIxNjQxMyw5NDIxMjQ5Niw5NDI1MDk1NCw5NDIwNzM5NCw5NDIwNzUwNiw5NDIwODUwNiw5NDIxNzUyMyw5NDIxODY1Myw5NDIyOTgzOSw0NzA4NDM5Myw5NDIxMzIwMCw5NDI1ODMxOUICSVQ%253D%26skid%3Db1a4a103-7efc-4e27-befb-540735939e1a%26g_st%3Daw&amp;e=72d222bb&amp;h=df2a1d51&amp;f=n&amp;p=y\" target=\"_blank\" rel=\"noopener\">Gran Madre<\/a>\u00a0&#8211;\u00a0<a href=\"https:\/\/urlsand.esvalabs.com\/?u=https%3A%2F%2Fwww.google.com%2Fmaps%2Fplace%2F45.058115%2C7.707165%2Fdata%3D%214m6%213m5%211s0%217e2%218m2%213d45.0581149%214d7.7071653%3Futm_source%3Dmstt_1%26entry%3Dgps%26coh%3D192189%26g_ep%3DCAESBzI1LjE4LjAYACD67A0qdSw5NDIyMzI5OSw5NDIxNjQxMyw5NDIxMjQ5Niw5NDI1MDk1NCw5NDIwNzM5NCw5NDIwNzUwNiw5NDIwODUwNiw5NDIxNzUyMyw5NDIxODY1Myw5NDIyOTgzOSw0NzA4NDM5Myw5NDIxMzIwMCw5NDI1ODMxOUICSVQ%253D%26skid%3Da0871bb2-4bd2-49e7-981a-52c67a59b7b4%26g_st%3Daw&amp;e=72d222bb&amp;h=c3919b70&amp;f=n&amp;p=y\" target=\"_blank\" rel=\"noopener\">Villa della Regina<\/a>\u00a0partenza h. 16.30<br \/>\n<a href=\"https:\/\/urlsand.esvalabs.com\/?u=https%3A%2F%2Fwww.google.com%2Fmaps%2Fplace%2F45.058115%2C7.707165%2Fdata%3D%214m6%213m5%211s0%217e2%218m2%213d45.0581149%214d7.7071653%3Futm_source%3Dmstt_1%26entry%3Dgps%26coh%3D192189%26g_ep%3DCAESBzI1LjE4LjAYACD67A0qdSw5NDIyMzI5OSw5NDIxNjQxMyw5NDIxMjQ5Niw5NDI1MDk1NCw5NDIwNzM5NCw5NDIwNzUwNiw5NDIwODUwNiw5NDIxNzUyMyw5NDIxODY1Myw5NDIyOTgzOSw0NzA4NDM5Myw5NDIxMzIwMCw5NDI1ODMxOUICSVQ%253D%26skid%3Da0871bb2-4bd2-49e7-981a-52c67a59b7b4%26g_st%3Daw&amp;e=72d222bb&amp;h=c3919b70&amp;f=n&amp;p=y\" target=\"_blank\" rel=\"noopener\">Villa della Regina<\/a>\u00a0&#8211;\u00a0<a href=\"https:\/\/urlsand.esvalabs.com\/?u=https%3A%2F%2Fwww.google.com%2Fmaps%2Fplace%2FVia%2BNizza%2C%2B289%2C%2B10126%2BTorino%2BTO%2Fdata%3D%214m6%213m5%211s0x478812b862239999%3A0x8fa35b0bb65eccf9%217e2%218m2%213d45.030527299999996%214d7.666444599999999%3Futm_source%3Dmstt_1%26entry%3Dgps%26coh%3D192189%26g_ep%3DCAESBzI1LjE4LjAYACDXggMqdSw5NDIyMzI5OSw5NDIxNjQxMyw5NDIxMjQ5Niw5NDI1MDk1NCw5NDIwNzM5NCw5NDIwNzUwNiw5NDIwODUwNiw5NDIxNzUyMyw5NDIxODY1Myw5NDIyOTgzOSw0NzA4NDM5Myw5NDIxMzIwMCw5NDI1ODMxOUICSVQ%253D%26skid%3D2b3f6be4-6de6-4121-bdd0-159f921898d2%26g_st%3Daw&amp;e=72d222bb&amp;h=f16aeae2&amp;f=n&amp;p=y\" target=\"_blank\" rel=\"noopener\">Lingotto Fiere<\/a>\u00a0partenza h. 17.15<\/p>\n<p><strong>domenica 18 maggio<\/strong><br \/>\n<a href=\"https:\/\/urlsand.esvalabs.com\/?u=https%3A%2F%2Fwww.google.com%2Fmaps%2Fplace%2FVia%2BNizza%2C%2B289%2C%2B10126%2BTorino%2BTO%2Fdata%3D%214m6%213m5%211s0x478812b862239999%3A0x8fa35b0bb65eccf9%217e2%218m2%213d45.030527299999996%214d7.666444599999999%3Futm_source%3Dmstt_1%26entry%3Dgps%26coh%3D192189%26g_ep%3DCAESBzI1LjE4LjAYACDXggMqdSw5NDIyMzI5OSw5NDIxNjQxMyw5NDIxMjQ5Niw5NDI1MDk1NCw5NDIwNzM5NCw5NDIwNzUwNiw5NDIwODUwNiw5NDIxNzUyMyw5NDIxODY1Myw5NDIyOTgzOSw0NzA4NDM5Myw5NDIxMzIwMCw5NDI1ODMxOUICSVQ%253D%26skid%3D2b3f6be4-6de6-4121-bdd0-159f921898d2%26g_st%3Daw&amp;e=72d222bb&amp;h=f16aeae2&amp;f=n&amp;p=y\" target=\"_blank\" rel=\"noopener\">Lingotto Fiere<\/a>\u00a0&#8211;\u00a0<a href=\"https:\/\/urlsand.esvalabs.com\/?u=https%3A%2F%2Fwww.google.com%2Fmaps%2Fplace%2F45.061798%2C7.699412%2Fdata%3D%214m6%213m5%211s0%217e2%218m2%213d45.061797999999996%214d7.6994124%3Futm_source%3Dmstt_1%26entry%3Dgps%26coh%3D192189%26g_ep%3DCAESBzI1LjE4LjAYACD67A0qdSw5NDIyMzI5OSw5NDIxNjQxMyw5NDIxMjQ5Niw5NDI1MDk1NCw5NDIwNzM5NCw5NDIwNzUwNiw5NDIwODUwNiw5NDIxNzUyMyw5NDIxODY1Myw5NDIyOTgzOSw0NzA4NDM5Myw5NDIxMzIwMCw5NDI1ODMxOUICSVQ%253D%26skid%3Db1a4a103-7efc-4e27-befb-540735939e1a%26g_st%3Daw&amp;e=72d222bb&amp;h=df2a1d51&amp;f=n&amp;p=y\" target=\"_blank\" rel=\"noopener\">Gran Madre<\/a>\u00a0&#8211;\u00a0<a href=\"https:\/\/urlsand.esvalabs.com\/?u=https%3A%2F%2Fwww.google.com%2Fmaps%2Fplace%2F45.058115%2C7.707165%2Fdata%3D%214m6%213m5%211s0%217e2%218m2%213d45.0581149%214d7.7071653%3Futm_source%3Dmstt_1%26entry%3Dgps%26coh%3D192189%26g_ep%3DCAESBzI1LjE4LjAYACD67A0qdSw5NDIyMzI5OSw5NDIxNjQxMyw5NDIxMjQ5Niw5NDI1MDk1NCw5NDIwNzM5NCw5NDIwNzUwNiw5NDIwODUwNiw5NDIxNzUyMyw5NDIxODY1Myw5NDIyOTgzOSw0NzA4NDM5Myw5NDIxMzIwMCw5NDI1ODMxOUICSVQ%253D%26skid%3Da0871bb2-4bd2-49e7-981a-52c67a59b7b4%26g_st%3Daw&amp;e=72d222bb&amp;h=c3919b70&amp;f=n&amp;p=y\" target=\"_blank\" rel=\"noopener\">Villa della Regina<\/a>\u00a0partenza h. 12.00<br \/>\n<a href=\"https:\/\/urlsand.esvalabs.com\/?u=https%3A%2F%2Fwww.google.com%2Fmaps%2Fplace%2F45.058115%2C7.707165%2Fdata%3D%214m6%213m5%211s0%217e2%218m2%213d45.0581149%214d7.7071653%3Futm_source%3Dmstt_1%26entry%3Dgps%26coh%3D192189%26g_ep%3DCAESBzI1LjE4LjAYACD67A0qdSw5NDIyMzI5OSw5NDIxNjQxMyw5NDIxMjQ5Niw5NDI1MDk1NCw5NDIwNzM5NCw5NDIwNzUwNiw5NDIwODUwNiw5NDIxNzUyMyw5NDIxODY1Myw5NDIyOTgzOSw0NzA4NDM5Myw5NDIxMzIwMCw5NDI1ODMxOUICSVQ%253D%26skid%3Da0871bb2-4bd2-49e7-981a-52c67a59b7b4%26g_st%3Daw&amp;e=72d222bb&amp;h=c3919b70&amp;f=n&amp;p=y\" target=\"_blank\" rel=\"noopener\">Villa della Regina<\/a>\u00a0&#8211;\u00a0<a href=\"https:\/\/urlsand.esvalabs.com\/?u=https%3A%2F%2Fwww.google.com%2Fmaps%2Fplace%2FVia%2BNizza%2C%2B289%2C%2B10126%2BTorino%2BTO%2Fdata%3D%214m6%213m5%211s0x478812b862239999%3A0x8fa35b0bb65eccf9%217e2%218m2%213d45.030527299999996%214d7.666444599999999%3Futm_source%3Dmstt_1%26entry%3Dgps%26coh%3D192189%26g_ep%3DCAESBzI1LjE4LjAYACDXggMqdSw5NDIyMzI5OSw5NDIxNjQxMyw5NDIxMjQ5Niw5NDI1MDk1NCw5NDIwNzM5NCw5NDIwNzUwNiw5NDIwODUwNiw5NDIxNzUyMyw5NDIxODY1Myw5NDIyOTgzOSw0NzA4NDM5Myw5NDIxMzIwMCw5NDI1ODMxOUICSVQ%253D%26skid%3D2b3f6be4-6de6-4121-bdd0-159f921898d2%26g_st%3Daw&amp;e=72d222bb&amp;h=f16aeae2&amp;f=n&amp;p=y\" target=\"_blank\" rel=\"noopener\">Lingotto Fiere<\/a>\u00a0partenza h. 12.45<br \/>\n<a href=\"https:\/\/urlsand.esvalabs.com\/?u=https%3A%2F%2Fwww.google.com%2Fmaps%2Fplace%2FVia%2BNizza%2C%2B289%2C%2B10126%2BTorino%2BTO%2Fdata%3D%214m6%213m5%211s0x478812b862239999%3A0x8fa35b0bb65eccf9%217e2%218m2%213d45.030527299999996%214d7.666444599999999%3Futm_source%3Dmstt_1%26entry%3Dgps%26coh%3D192189%26g_ep%3DCAESBzI1LjE4LjAYACDXggMqdSw5NDIyMzI5OSw5NDIxNjQxMyw5NDIxMjQ5Niw5NDI1MDk1NCw5NDIwNzM5NCw5NDIwNzUwNiw5NDIwODUwNiw5NDIxNzUyMyw5NDIxODY1Myw5NDIyOTgzOSw0NzA4NDM5Myw5NDIxMzIwMCw5NDI1ODMxOUICSVQ%253D%26skid%3D2b3f6be4-6de6-4121-bdd0-159f921898d2%26g_st%3Daw&amp;e=72d222bb&amp;h=f16aeae2&amp;f=n&amp;p=y\" target=\"_blank\" rel=\"noopener\">Lingotto Fiere<\/a>\u00a0&#8211;\u00a0<a href=\"https:\/\/urlsand.esvalabs.com\/?u=https%3A%2F%2Fwww.google.com%2Fmaps%2Fplace%2F45.061798%2C7.699412%2Fdata%3D%214m6%213m5%211s0%217e2%218m2%213d45.061797999999996%214d7.6994124%3Futm_source%3Dmstt_1%26entry%3Dgps%26coh%3D192189%26g_ep%3DCAESBzI1LjE4LjAYACD67A0qdSw5NDIyMzI5OSw5NDIxNjQxMyw5NDIxMjQ5Niw5NDI1MDk1NCw5NDIwNzM5NCw5NDIwNzUwNiw5NDIwODUwNiw5NDIxNzUyMyw5NDIxODY1Myw5NDIyOTgzOSw0NzA4NDM5Myw5NDIxMzIwMCw5NDI1ODMxOUICSVQ%253D%26skid%3Db1a4a103-7efc-4e27-befb-540735939e1a%26g_st%3Daw&amp;e=72d222bb&amp;h=df2a1d51&amp;f=n&amp;p=y\" target=\"_blank\" rel=\"noopener\">Gran Madre<\/a>\u00a0&#8211;\u00a0<a href=\"https:\/\/urlsand.esvalabs.com\/?u=https%3A%2F%2Fwww.google.com%2Fmaps%2Fplace%2F45.058115%2C7.707165%2Fdata%3D%214m6%213m5%211s0%217e2%218m2%213d45.0581149%214d7.7071653%3Futm_source%3Dmstt_1%26entry%3Dgps%26coh%3D192189%26g_ep%3DCAESBzI1LjE4LjAYACD67A0qdSw5NDIyMzI5OSw5NDIxNjQxMyw5NDIxMjQ5Niw5NDI1MDk1NCw5NDIwNzM5NCw5NDIwNzUwNiw5NDIwODUwNiw5NDIxNzUyMyw5NDIxODY1Myw5NDIyOTgzOSw0NzA4NDM5Myw5NDIxMzIwMCw5NDI1ODMxOUICSVQ%253D%26skid%3Da0871bb2-4bd2-49e7-981a-52c67a59b7b4%26g_st%3Daw&amp;e=72d222bb&amp;h=c3919b70&amp;f=n&amp;p=y\" target=\"_blank\" rel=\"noopener\">Villa della Regina<\/a>\u00a0partenza h. 13.45<br \/>\n<a href=\"https:\/\/urlsand.esvalabs.com\/?u=https%3A%2F%2Fwww.google.com%2Fmaps%2Fplace%2F45.058115%2C7.707165%2Fdata%3D%214m6%213m5%211s0%217e2%218m2%213d45.0581149%214d7.7071653%3Futm_source%3Dmstt_1%26entry%3Dgps%26coh%3D192189%26g_ep%3DCAESBzI1LjE4LjAYACD67A0qdSw5NDIyMzI5OSw5NDIxNjQxMyw5NDIxMjQ5Niw5NDI1MDk1NCw5NDIwNzM5NCw5NDIwNzUwNiw5NDIwODUwNiw5NDIxNzUyMyw5NDIxODY1Myw5NDIyOTgzOSw0NzA4NDM5Myw5NDIxMzIwMCw5NDI1ODMxOUICSVQ%253D%26skid%3Da0871bb2-4bd2-49e7-981a-52c67a59b7b4%26g_st%3Daw&amp;e=72d222bb&amp;h=c3919b70&amp;f=n&amp;p=y\" target=\"_blank\" rel=\"noopener\">Villa della Regina<\/a>\u00a0&#8211;\u00a0<a href=\"https:\/\/urlsand.esvalabs.com\/?u=https%3A%2F%2Fwww.google.com%2Fmaps%2Fplace%2FVia%2BNizza%2C%2B289%2C%2B10126%2BTorino%2BTO%2Fdata%3D%214m6%213m5%211s0x478812b862239999%3A0x8fa35b0bb65eccf9%217e2%218m2%213d45.030527299999996%214d7.666444599999999%3Futm_source%3Dmstt_1%26entry%3Dgps%26coh%3D192189%26g_ep%3DCAESBzI1LjE4LjAYACDXggMqdSw5NDIyMzI5OSw5NDIxNjQxMyw5NDIxMjQ5Niw5NDI1MDk1NCw5NDIwNzM5NCw5NDIwNzUwNiw5NDIwODUwNiw5NDIxNzUyMyw5NDIxODY1Myw5NDIyOTgzOSw0NzA4NDM5Myw5NDIxMzIwMCw5NDI1ODMxOUICSVQ%253D%26skid%3D2b3f6be4-6de6-4121-bdd0-159f921898d2%26g_st%3Daw&amp;e=72d222bb&amp;h=f16aeae2&amp;f=n&amp;p=y\" target=\"_blank\" rel=\"noopener\">Lingotto Fiere<\/a>\u00a0partenza h. 14.30<br \/>\n<a href=\"https:\/\/urlsand.esvalabs.com\/?u=https%3A%2F%2Fwww.google.com%2Fmaps%2Fplace%2FVia%2BNizza%2C%2B289%2C%2B10126%2BTorino%2BTO%2Fdata%3D%214m6%213m5%211s0x478812b862239999%3A0x8fa35b0bb65eccf9%217e2%218m2%213d45.030527299999996%214d7.666444599999999%3Futm_source%3Dmstt_1%26entry%3Dgps%26coh%3D192189%26g_ep%3DCAESBzI1LjE4LjAYACDXggMqdSw5NDIyMzI5OSw5NDIxNjQxMyw5NDIxMjQ5Niw5NDI1MDk1NCw5NDIwNzM5NCw5NDIwNzUwNiw5NDIwODUwNiw5NDIxNzUyMyw5NDIxODY1Myw5NDIyOTgzOSw0NzA4NDM5Myw5NDIxMzIwMCw5NDI1ODMxOUICSVQ%253D%26skid%3D2b3f6be4-6de6-4121-bdd0-159f921898d2%26g_st%3Daw&amp;e=72d222bb&amp;h=f16aeae2&amp;f=n&amp;p=y\" target=\"_blank\" rel=\"noopener\">Lingotto Fiere<\/a>\u00a0&#8211;\u00a0<a href=\"https:\/\/urlsand.esvalabs.com\/?u=https%3A%2F%2Fwww.google.com%2Fmaps%2Fplace%2F45.061798%2C7.699412%2Fdata%3D%214m6%213m5%211s0%217e2%218m2%213d45.061797999999996%214d7.6994124%3Futm_source%3Dmstt_1%26entry%3Dgps%26coh%3D192189%26g_ep%3DCAESBzI1LjE4LjAYACD67A0qdSw5NDIyMzI5OSw5NDIxNjQxMyw5NDIxMjQ5Niw5NDI1MDk1NCw5NDIwNzM5NCw5NDIwNzUwNiw5NDIwODUwNiw5NDIxNzUyMyw5NDIxODY1Myw5NDIyOTgzOSw0NzA4NDM5Myw5NDIxMzIwMCw5NDI1ODMxOUICSVQ%253D%26skid%3Db1a4a103-7efc-4e27-befb-540735939e1a%26g_st%3Daw&amp;e=72d222bb&amp;h=df2a1d51&amp;f=n&amp;p=y\" target=\"_blank\" rel=\"noopener\">Gran Madre<\/a>\u00a0&#8211;\u00a0<a href=\"https:\/\/urlsand.esvalabs.com\/?u=https%3A%2F%2Fwww.google.com%2Fmaps%2Fplace%2F45.058115%2C7.707165%2Fdata%3D%214m6%213m5%211s0%217e2%218m2%213d45.0581149%214d7.7071653%3Futm_source%3Dmstt_1%26entry%3Dgps%26coh%3D192189%26g_ep%3DCAESBzI1LjE4LjAYACD67A0qdSw5NDIyMzI5OSw5NDIxNjQxMyw5NDIxMjQ5Niw5NDI1MDk1NCw5NDIwNzM5NCw5NDIwNzUwNiw5NDIwODUwNiw5NDIxNzUyMyw5NDIxODY1Myw5NDIyOTgzOSw0NzA4NDM5Myw5NDIxMzIwMCw5NDI1ODMxOUICSVQ%253D%26skid%3Da0871bb2-4bd2-49e7-981a-52c67a59b7b4%26g_st%3Daw&amp;e=72d222bb&amp;h=c3919b70&amp;f=n&amp;p=y\" target=\"_blank\" rel=\"noopener\">Villa della Regina<\/a>\u00a0partenza h. 15.30<br \/>\n<a href=\"https:\/\/urlsand.esvalabs.com\/?u=https%3A%2F%2Fwww.google.com%2Fmaps%2Fplace%2F45.058115%2C7.707165%2Fdata%3D%214m6%213m5%211s0%217e2%218m2%213d45.0581149%214d7.7071653%3Futm_source%3Dmstt_1%26entry%3Dgps%26coh%3D192189%26g_ep%3DCAESBzI1LjE4LjAYACD67A0qdSw5NDIyMzI5OSw5NDIxNjQxMyw5NDIxMjQ5Niw5NDI1MDk1NCw5NDIwNzM5NCw5NDIwNzUwNiw5NDIwODUwNiw5NDIxNzUyMyw5NDIxODY1Myw5NDIyOTgzOSw0NzA4NDM5Myw5NDIxMzIwMCw5NDI1ODMxOUICSVQ%253D%26skid%3Da0871bb2-4bd2-49e7-981a-52c67a59b7b4%26g_st%3Daw&amp;e=72d222bb&amp;h=c3919b70&amp;f=n&amp;p=y\" target=\"_blank\" rel=\"noopener\">Villa della Regina<\/a>\u00a0&#8211;\u00a0<a href=\"https:\/\/urlsand.esvalabs.com\/?u=https%3A%2F%2Fwww.google.com%2Fmaps%2Fplace%2FVia%2BNizza%2C%2B289%2C%2B10126%2BTorino%2BTO%2Fdata%3D%214m6%213m5%211s0x478812b862239999%3A0x8fa35b0bb65eccf9%217e2%218m2%213d45.030527299999996%214d7.666444599999999%3Futm_source%3Dmstt_1%26entry%3Dgps%26coh%3D192189%26g_ep%3DCAESBzI1LjE4LjAYACDXggMqdSw5NDIyMzI5OSw5NDIxNjQxMyw5NDIxMjQ5Niw5NDI1MDk1NCw5NDIwNzM5NCw5NDIwNzUwNiw5NDIwODUwNiw5NDIxNzUyMyw5NDIxODY1Myw5NDIyOTgzOSw0NzA4NDM5Myw5NDIxMzIwMCw5NDI1ODMxOUICSVQ%253D%26skid%3D2b3f6be4-6de6-4121-bdd0-159f921898d2%26g_st%3Daw&amp;e=72d222bb&amp;h=f16aeae2&amp;f=n&amp;p=y\" target=\"_blank\" rel=\"noopener\">Lingotto Fiere<\/a>\u00a0partenza h. 16.15<\/p>\n<p><img loading=\"lazy\" decoding=\"async\" class=\"aligncenter size-full wp-image-164\" src=\"http:\/\/museipiemonte.cultura.gov.it\/wp-content\/uploads\/2015\/11\/hr2.png\" alt=\"hr2\" width=\"164\" height=\"50\" \/><\/p>\n<h5 style=\"text-align: left;\"><a name=\"info\"><\/a>INFORMAZIONI, ORARI E BIGLIETTI<\/h5>\n<p><strong>Villa della Regina<\/strong><br \/>\nStrada Santa Margherita, 79 \u2013 Torino<\/p>\n<p><strong>ORARIO<\/strong><br \/>\nmarted\u00ec, mercoled\u00ec, gioved\u00ec, venerd\u00ec, sabato, domenica e festivi dalle 9.30 alle 18.00 (ultimo ingresso 17.00)<br \/>\nluned\u00ec chiuso<br \/>\n<strong>Aperture straordinarie:<\/strong><br \/>\nluned\u00ec 21 aprile per il Luned\u00ec dell\u2019Angelo dalle 9.30 alle 18.00 (ultimo ingresso 17.00) \u2013 chiuso marted\u00ec 22 aprile<br \/>\nsabato 17 maggio dalle 9.30 alle 21.00 (<span style=\"text-decoration: underline;\">ultimo ingresso 19.30<\/span>)<\/p>\n<p><strong>Modalit\u00e0 di partecipazione agli eventi della rassegna:<br \/>\n<\/strong>\u2022 Ingresso gratuito per conferenze e talk<br \/>\n\u2022 Ingresso incluso nel biglietto di accesso al complesso museale per le altre attivit\u00e0 (visita alla mostra, visite guidate, laboratori artistici e didattici): all\u2019interno della residenza biglietto Villa+Giardini, intero \u20ac 10,00; all\u2019esterno biglietto Giardini, intero \u20ac 5,00<br \/>\n\u2022 Ingresso gratuito per tutte le attivit\u00e0 nelle giornate di venerd\u00ec 25 aprile e domenica 4 maggio<br \/>\n\u2022 Ingresso a \u20ac 1,00 sabato 17 maggio dalle 18.00 alle 21.00 (<span style=\"text-decoration: underline;\">ultimo ingresso alle\u00a019.30<\/span>)<\/p>\n<p><strong>Prenotazione obbligatoria:<\/strong>\u00a0<a href=\"mailto:drm-pie.villadellaregina@cultura.gov.it\" target=\"_blank\" rel=\"noopener\">drm-pie.villadellaregina@cultura.gov.it<\/a>; 011 8195035.<\/p>\n<p><strong>TARIFFE<\/strong><br \/>\n\u2022 Biglietto Villa+Giardini: \u20ac 10,00<br \/>\n\u2022 Biglietto Giardini: \u20ac 5,00<br \/>\n\u2022 Ridotto (18-25 anni): \u20ac 2,00<br \/>\n\u2022 Gratuito per minori di 18 anni, per persone con disabilit\u00e0 e accompagnatori, per docenti delle scuole italiane pubbliche e private paritarie con presentazione della certificazione del proprio stato di docente; studenti delle facolt\u00e0 di Architettura, Lettere e Filosofia; titolari di Abbonamento Musei, Torino+Piemonte Card; Royal Pass; personale MiC; membri ICOM; giornalisti muniti di tessera professionale<br \/>\n\u2022 Gratuito venerd\u00ec 25 aprile per la Festa nazionale della Liberazione e domenica 4 maggio per Domenica al museo<br \/>\n\u2022 Biglietto \u20ac 1,00 sabato 17 maggio dalle 18.00 alle 21.00 (<span style=\"text-decoration: underline;\">ultimo ingresso alle 19.30<\/span>) in occasione della Notte Europea dei Musei<\/p>\n<p><img loading=\"lazy\" decoding=\"async\" class=\"aligncenter size-full wp-image-164\" src=\"http:\/\/museipiemonte.cultura.gov.it\/wp-content\/uploads\/2015\/11\/hr2.png\" alt=\"hr2\" width=\"164\" height=\"50\" \/><\/p>\n<h5 style=\"text-align: left;\"><a name=\"progetto\"><\/a>PROGETTO SCIENTIFICO<\/h5>\n<p><strong>CONTESTO E OBIETTIVI<\/strong><\/p>\n<p>Il tema letterario ha connotato la storia di Villa della Regina in diverse forme fin dalle sue origini: all\u2019inizio del Seicento, il Cardinal Maurizio di Savoia commissiona la realizzazione della residenza su modello delle ville romane sedi di importanti salotti culturali e fonda l&#8217;Accademia dei Solinghi, raccogliendo attorno a s\u00e9 illustri uomini di lettere del tempo; dal 1868 e fino alla seconda guerra mondiale, la materia letteraria assume una declinazione didattica, in rapporto alla destinazione dell\u2019edificio a sede scolastica dell\u2019Istituto Nazionale per le Figlie dei Militari Italiani; e ancora la dimensione letteraria trova espressione attraverso le attivit\u00e0 di studio, ricerca, ai progetti di valorizzazione e mediazione che la Villa accoglie nell\u2019ambito della sua attuale configurazione museale, in aperto rapporto con la citt\u00e0.<\/p>\n<p>Al fine di riscoprire l\u2019identit\u00e0 culturale di Villa della Regina in relazione alla sfera letteraria, il progetto intende proporre la realizzazione di una rassegna culturale volta a far emergere nuove possibili letture di tale peculiare vocazione umanistica della residenza sabauda. L\u2019iniziativa \u00e8 intesa, inoltre, come occasione di valorizzazione di Villa della Regina quale organico complesso di residenza con parco e giardini, nelle cui pertinenze esterne storicamente si intrecciano le funzioni agricole connesse alla Vigna e la visione arcadica, profondamente colta, dell\u2019ambiente naturale.<\/p>\n<p>Per la prima edizione, la rassegna \u00e8 dedicata alle intersezioni tra la\u00a0<em>carta<\/em>, il\u00a0<em>racconto<\/em>\u00a0e la\u00a0<em>memoria<\/em>. Il tema della letterariet\u00e0 \u00e8 qui inteso sia in riferimento ai contenuti storici di Villa della Regina \u2013 gli incontri dell\u2019Accademia dei Solinghi, i riferimenti letterari del programma iconografico seicentesco oggi leggibile per frammenti, l\u2019uso scolastico all\u2019epoca dell\u2019Istituto Nazionale delle Figlie dei Militari \u2013 sia quale strumento per dare espressione alla realt\u00e0 della Villa nella sua dimensione museale contemporanea, esplorandone la storia e il presente attraverso nuove narrazioni. La forma narrativa \u00e8 sollecitata nelle sue potenzialit\u00e0 di dispositivo della memoria, sia collettivo che individuale. La carta,\u00a0<em>medium<\/em>\u00a0letterario e artistico per antonomasia, assume qui anche la valenza simbolica di testimonianza materiale della lacuna, rimando alla fragilit\u00e0 e alla natura frammentaria degli apparati decorativi della residenza, in parte perduti e in parte ricollocati in altre sedi: un caso emblematico \u00e8 quello della settecentesca Biblioteca realizzata dall\u2019ebanista Pietro Piffetti per Carlo Emanuele III, trasferita al Palazzo del Quirinale a Roma nel 1879 per volont\u00e0 della regina Margherita.<\/p>\n<p>Il progetto prevede la realizzazione di tre mostre personali e un calendario di eventi e attivit\u00e0 collaterali connesse al tema della rassegna, da svolgersi negli spazi interni e nei giardini di Villa della Regina in due appuntamenti, uno primaverile in occasione del Salone Internazionale del Libro, uno autunnale in concomitanza con l\u2019Art Week torinese.<\/p>\n<p>La rassegna \u00e8 promossa dalle Residenze reali sabaude \u2013 Direzione regionale Musei nazionali Piemonte e realizzata a cura di Roberto Mastroianni, Sara Lyla Mantica e Valeria Amalfitano con il coordinamento scientifico di Filippo Masino.<\/p>\n<p><strong>\u00a0<\/strong><\/p>\n<p><strong>EDIZIONE PRIMAVERILE<\/strong><\/p>\n<p><strong>Periodo di svolgimento<\/strong>: 10 aprile &#8211; 18 maggio 2025<\/p>\n<p><u>EVENTO PRINCIPALE<\/u><\/p>\n<p>La rassegna presenta, quale iniziativa centrale dell\u2019edizione primaverile, un progetto espositivo di interesse nazionale inserito nel programma del Salone OFF collegato al Salone Internazionale del Libro di Torino.<\/p>\n<p>Il progetto prevede la realizzazione nel percorso museale di Villa della Regina della mostra\u00a0<em>Il tempo opportuno<\/em>\u00a0di\u00a0<strong>Massimo Giannoni<\/strong>, artista che espone contestualmente presso il Salone del Libro &#8211; Padiglione Toscana.<\/p>\n<p>La mostra, curata da Roberto Mastroianni, \u00e8 promossa e organizzata da Casa d\u2019Arte San Lorenzo con Techne Art Service, in collaborazione con le Residenze reali sabaude \u2013 Direzione regionale Musei nazionali Piemonte.<\/p>\n<p><strong>Concept della mostra<br \/>\n<\/strong>Massimo Giannoni \u00e8 riconosciuto, nel mondo dell\u2019arte italiano, come il pioniere nella scelta di soggetti quali librerie e biblioteche storiche, borse d\u2019affari, gabinetti dei musei di scienze naturali e Wunderkammer.<br \/>\nCon questo progetto ci si \u00e8 posti l\u2019obiettivo di realizzare una personale di Massimo Giannoni a Torino in contemporanea allo svolgimento del Salone del Libro 2025. Il desiderio \u00e8 quello di unire idealmente gli scaffali infiniti dell\u2019artista toscano con i volumi esposti nel pi\u00f9 grande festival dell\u2019editoria in Italia. Sebbene l\u2019accostamento visivo sia calzante, il paragone tra i due deve essere ricercato nell\u2019essenza della letteratura e delle opere di Giannoni. Come le storie sono il tramite per vite probabili e fantastiche, cos\u00ec il pittore dipinge solo in apparenza il reale, ma invece propone un percorso riflessivo e metaforico sul tempo, sullo spazio, sulla memoria e come questi possano mutare. L\u2019idea \u00e8 quella di rielaborare le suggestioni suscitate dagli stimoli artistici e culturali per aiutare l\u2019osservatore ad aprirsi a nuove prospettive interiori. Il legame tra l\u2019artista e il festival sar\u00e0 poi ancora pi\u00f9 stretto ed evidente poich\u00e9 un\u2019opera di Giannoni sar\u00e0 esposta durante il Salone del Libro presso il Padiglione Toscana. La mostra a Torino si preannuncia quindi come un\u2019occasione irrinunciabile, che andr\u00e0 a inserirsi nel solco degli eventi per la promozione della cultura che si svolgono contemporaneamente alla manifestazione editoriale.<\/p>\n<p><strong>Massimo Giannoni a Villa della Regina<br \/>\n<\/strong>Le opere di Massimo Giannoni incontrano per la prima volta gli ambienti di Villa della Regina intessendo un dialogo attorno ai temi della letteratura, della memoria, del rapporto tra spazi pubblici e interiori e di come questi si trasformano nel tempo. Un dialogo che si delinea per contrasti: l\u2019intensa espressivit\u00e0 delle tele dell\u2019artista si accosta, senza attrito, all\u2019eleganza gentile delle decorazioni degli appartamenti reali; e ancora, l\u2019antinomia tra la densit\u00e0 materica delle biblioteche di Giannoni e la consistenza lacunosa degli arredi e dei decori della Villa, di cui la Libreria di Pietro Piffetti \u00e8 testimonianza esemplare, trova una via di conciliazione nel tentativo di segnalare un\u2019assenza e insieme risarcirla sollecitando la memoria, l\u2019immaginazione e l\u2019esplorazione intima di mondi interiori.<\/p>\n<p>Massimo\u00a0Giannoni\u00a0si impegna a donare una sua opera che entrer\u00e0 a far parte delle collezioni di Villa della Regina.<\/p>\n<p>La mostra sar\u00e0 accompagnata da un catalogo bilingue (italiano e inglese), edito da Bandecchi &amp; Vivaldi.<\/p>\n<p><u>INIZIATIVE COLLATERALI<\/u><\/p>\n<p>La rassegna propone un programma di iniziative complementari alla mostra che spaziano dalle conferenze, ai laboratori didattici, ai workshop artistici, realizzati a cura di Villa della Regina e in collaborazione con soggetti esterni, enti e associazioni del territorio che operano nel settore della formazione, letterario e artistico, a livello locale, nazionale e internazionale.<\/p>\n<p><img loading=\"lazy\" decoding=\"async\" class=\"aligncenter size-full wp-image-164\" src=\"http:\/\/museipiemonte.cultura.gov.it\/wp-content\/uploads\/2015\/11\/hr2.png\" alt=\"hr2\" width=\"164\" height=\"50\" \/><\/p>\n<h5 style=\"text-align: left;\"><a name=\"credits\"><\/a>CREDITI E RINGRAZIAMENTI<\/h5>\n<p><strong>RASSEGNA CULTURALE<\/strong><\/p>\n<p style=\"text-align: left;\"><strong>QU.EEN<br \/>\n<\/strong><strong>narrazioni d\u2019arte e natura a Villa della Regina<\/strong><\/p>\n<p>I edizione \u2013 primavera 2025<\/p>\n<p style=\"text-align: left;\"><em>a cura di<\/em><br \/>\nRoberto Mastroianni, Sara Lyla Mantica, Valeria Amalfitano<\/p>\n<p style=\"text-align: left;\"><em>Coordinamento scientifico<\/em><br \/>\nFilippo Masino<\/p>\n<p>________<\/p>\n<p><em>Ente promotore<\/em><br \/>\nMinistero della cultura<br \/>\nResidenze reali sabaude &#8211; Direzione regionale Musei nazionali Piemonte<\/p>\n<p><em>Direttore<\/em><br \/>\nFilippo Masino<\/p>\n<p><em>Segreteria di Direzione<\/em><br \/>\nAlida Dell\u2019Anna<\/p>\n<p><em>Villa della Regina<\/em><br \/>\nSara Lyla Mantica, direttrice<br \/>\nValeria Amalfitano<br \/>\nGiulia Comello<br \/>\nChiara Galvan<\/p>\n<p><em>Ufficio Comunicazione<\/em><br \/>\nMaria D\u2019Amuri, resp.<br \/>\nDiego Mirenghi<\/p>\n<p><em>Servizi Educativi<\/em><br \/>\nValeria Amalfitano<br \/>\nValentina Faudino<\/p>\n<p><em>Accessibilit\u00e0<\/em><br \/>\nAntonio Mellano<\/p>\n<p><em>Ufficio informatico<\/em><br \/>\nAlessandro Gabutto, resp.<br \/>\nGabriele Fortino<\/p>\n<p><em>Ufficio Personale<\/em><br \/>\nMichela Gatti, resp.<br \/>\nMartina Domenica Bonaccorsi<br \/>\nGiulia Cima<br \/>\nTeresa Salzano<\/p>\n<p><em>Ufficio Concessioni e Conto Terzi<\/em><br \/>\nClaudia Ghersi<\/p>\n<p><em>Ufficio Contabilit\u00e0 e Contratti<\/em><br \/>\nMaria Antonietta Motolese, resp.<br \/>\nAlessandra Cavone<br \/>\nLuigi Facciponte<br \/>\nTania Mastrodicasa<br \/>\nAnna Ida Musolino<br \/>\nValeria Trotto Gatta<\/p>\n<p><em>Staff e Servizi educativi di Villa della Regina<\/em><br \/>\nMaria Silvia Andorno, Carmelo Ansalone, Margherita Argentero, Letizia Cannizzaro, Chiara De Andreis, Claudio Di Noro, Enrico Manias, Alessandro Pane, Andrea Pirone, Ludovico Salvadore, Giovanna Zarrigo<\/p>\n<p>________<\/p>\n<p><em>La rassegna \u00e8 realizzata con la collaborazione di<\/em><br \/>\nArt Club srl, Casa d\u2019Arte San Lorenzo, San Miniato (Pisa)<br \/>\nTechne Art Service, Torino<br \/>\nSalone OFF \u2013 Salone Internazionale del Libro, Torino<br \/>\nAccademia Albertina di Belle Arti, Torino<br \/>\nFondazione Circolo dei Lettori, Torino<br \/>\nScuola Holden, Torino<br \/>\nAssociazione PassepArt-Out, Torino<br \/>\nMondi in Citt\u00e0 onlus, Torino<br \/>\nAssociazione \u201cAmici di Villa della Regina\u201d, Torino<br \/>\nDanilo Zagaria<br \/>\nGarino\/Anelli Evol Duo<\/p>\n<p><em>Si ringraziano<\/em><br \/>\nAnnalisa Ambrosio, Michele Anelli, Chiara Causo, Morgana Cavicchioli, Rebecca Cerutti, Giuseppe Culicchia, Simone Garino, Massimo Giannoni, Daniela Gjyzeli, Martino Gozzi, Agapi Kanellopoulou, Laura Manetti, Roberto Mastroianni, Eleni Molos, Clarissa Moretto, Federico Morgando, Lucia Santoni, Diana Sonetto, Andrea Stefanelli, Danilo Zagaria<\/p>\n","protected":false},"excerpt":{"rendered":"<p>QU.EEN narrazioni d\u2019arte e natura a Villa della Regina I edizione &#8211; primavera 2025 10 aprile \u2013 18 maggio 2025 ________ \u25ba IL PROGRAMMA DELLA RASSEGNA \u25ba\u00a0ORARI NAVETTA SALONE DEL LIBRO \u25ba INFORMAZIONI, ORARI E [&hellip;]<\/p>\n","protected":false},"author":1,"featured_media":0,"parent":0,"menu_order":0,"comment_status":"closed","ping_status":"closed","template":"page-templates\/page_fullwidth.php","meta":{"footnotes":""},"class_list":["post-13147","page","type-page","status-publish","hentry"],"_links":{"self":[{"href":"https:\/\/museipiemonte.cultura.gov.it\/index.php\/wp-json\/wp\/v2\/pages\/13147","targetHints":{"allow":["GET"]}}],"collection":[{"href":"https:\/\/museipiemonte.cultura.gov.it\/index.php\/wp-json\/wp\/v2\/pages"}],"about":[{"href":"https:\/\/museipiemonte.cultura.gov.it\/index.php\/wp-json\/wp\/v2\/types\/page"}],"author":[{"embeddable":true,"href":"https:\/\/museipiemonte.cultura.gov.it\/index.php\/wp-json\/wp\/v2\/users\/1"}],"replies":[{"embeddable":true,"href":"https:\/\/museipiemonte.cultura.gov.it\/index.php\/wp-json\/wp\/v2\/comments?post=13147"}],"version-history":[{"count":7,"href":"https:\/\/museipiemonte.cultura.gov.it\/index.php\/wp-json\/wp\/v2\/pages\/13147\/revisions"}],"predecessor-version":[{"id":14096,"href":"https:\/\/museipiemonte.cultura.gov.it\/index.php\/wp-json\/wp\/v2\/pages\/13147\/revisions\/14096"}],"wp:attachment":[{"href":"https:\/\/museipiemonte.cultura.gov.it\/index.php\/wp-json\/wp\/v2\/media?parent=13147"}],"curies":[{"name":"wp","href":"https:\/\/api.w.org\/{rel}","templated":true}]}}