{"id":199,"date":"2015-11-30T20:20:54","date_gmt":"2015-11-30T19:20:54","guid":{"rendered":"http:\/\/museipiemonte.cultura.gov.it\/?page_id=199"},"modified":"2026-04-20T12:28:23","modified_gmt":"2026-04-20T10:28:23","slug":"visita-villa-della-regina","status":"publish","type":"page","link":"https:\/\/museipiemonte.cultura.gov.it\/index.php\/musei-e-luoghi-della-cultura\/villa-della-regina\/visita-villa-della-regina\/","title":{"rendered":"Visita Villa della Regina"},"content":{"rendered":"<p style=\"text-align: center;\"><a href=\"http:\/\/museipiemonte.cultura.gov.it\/index.php\/musei-e-luoghi-della-cultura\/villa-della-regina\/\">Storia<\/a> \u00a0 \u00a0| \u00a0 \u00a0<strong>Visita Villa della Regina<\/strong>\u00a0 \u00a0 | \u00a0 \u00a0<a href=\"http:\/\/museipiemonte.cultura.gov.it\/index.php\/musei-e-luoghi-della-cultura\/villa-della-regina\/villa-della-regina-immagini-e-video\/\">Immagini e video<\/a> \u00a0 \u00a0| \u00a0 \u00a0<a href=\"http:\/\/museipiemonte.cultura.gov.it\/index.php\/villa-della-regina-staff\/\">Staff<\/a> \u00a0 \u00a0| \u00a0 \u00a0<a href=\"http:\/\/museipiemonte.cultura.gov.it\/index.php\/musei-e-luoghi-della-cultura\/villa-della-regina\/villa-della-regina-contatti\/\">Contatti<\/a>\u00a0 \u00a0 | \u00a0 \u00a0<a href=\"http:\/\/museipiemonte.cultura.gov.it\/index.php\/category\/villa-della-regina\/\">News<\/a>\u00a0\u00a0 \u00a0 |\u00a0 \u00a0\u00a0<a href=\"http:\/\/museipiemonte.cultura.gov.it\/?p=6061\">Offerta formativa<\/a><\/p>\n<p style=\"text-align: center;\"><strong><img loading=\"lazy\" decoding=\"async\" class=\"alignnone size-full wp-image-164\" src=\"http:\/\/museipiemonte.cultura.gov.it\/wp-content\/uploads\/2015\/11\/hr2.png\" alt=\"hr2\" width=\"164\" height=\"50\" \/><\/strong><\/p>\n<blockquote>\n<p style=\"text-align: center;\"><a href=\"https:\/\/museipiemonte.cultura.gov.it\/index.php\/2026\/04\/20\/musei-aperti-nei-ponti-di-primavera-25-26-aprile-e-1-3-maggio-2026-ingresso-gratuito-sabato-25-aprile-e-domenica-3-giugno\/\"><strong>Orari ponti di primavera, 25-26 aprile e 1-3 maggio 2026 \u2013 ingresso gratuito sabato 25 aprile e domenica 3 maggio<\/strong><\/a><\/p>\n<p style=\"text-align: center;\"><a href=\"https:\/\/museipiemonte.cultura.gov.it\/index.php\/qu-een-narrazioni-darte-e-natura-a-villa-della-regina\/\" target=\"_blank\" rel=\"noopener\"><strong>QU.EEN &#8211; narrazioni d&#8217;arte e natura a Villa della Regina &#8211; 25 marzo-24 maggio 2026<br \/>\nScopri il programma<\/strong><\/a><\/p>\n<p style=\"text-align: center;\"><strong><a href=\"http:\/\/museipiemonte.cultura.gov.it\/index.php\/musei-e-luoghi-della-cultura\/villa-della-regina\/visita-villa-della-regina\/\">L&#8217;area di parcheggio di strada Santa Margherita non \u00e8 al momento disponibile per i lavori di realizzazione dei nuovi spazi di sosta<\/a><\/strong><\/p>\n<\/blockquote>\n<p><strong><em>Orari<\/em><\/strong><\/p>\n<p><em>marted\u00ec, mercoled\u00ec, gioved\u00ec, venerd\u00ec,\u00a0sabato, domenica\u00a0e festivi<\/em><em><br \/>\n<\/em>dalle 9.30 alle 18.00 (ultimo ingresso 17.00)<\/p>\n<p><em>luned\u00ec<br \/>\n<\/em>chiuso<\/p>\n<p>Prenotazione obbligatoria per gruppi superiori a 10 persone o per scolaresche via mail all\u2019indirizzo: <a href=\"mailto:drm-pie.villadellaregina@cultura.gov.it\">drm-pie.villadellaregina@cultura.gov.it<\/a>.<br \/>\nNei giorni festivi, incluse le prime domeniche del mese, la prenotazione \u00e8 consigliata\u00a0per tutti i visitatori e viene effettuata tramite l&#8217;acquisto anticipato online del biglietto.<\/p>\n<p>L\u2019acquisto del biglietto per le visite dal mercoled\u00ec alla domenica e per i festivi pu\u00f2 essere effettuato online su <a href=\"http:\/\/www.museiitaliani.it\" target=\"_blank\" rel=\"noopener\">www.museiitaliani.it<\/a> oppure tramite l\u2019App Musei Italiani.<\/p>\n<p>L\u2019acquisto del biglietto per le visite del marted\u00ec pu\u00f2 essere effettuato solo presso la biglietteria del museo.<br \/>\nLa prenotazione non \u00e8 richiesta per le visite nei giorni feriali.<\/p>\n<p>SCARICA L&#8217;APP<\/p>\n<p><a href=\"https:\/\/apps.apple.com\/it\/app\/musei-italiani\/id6450997120\" target=\"_blank\" rel=\"noopener\"><img loading=\"lazy\" decoding=\"async\" class=\"alignnone wp-image-10402 size-full\" src=\"http:\/\/museipiemonte.cultura.gov.it\/wp-content\/uploads\/2024\/01\/AppStoreBadge_150.png\" alt=\"AppStoreBadge_150\" width=\"150\" height=\"44\" \/><\/a><\/p>\n<p><a href=\"https:\/\/play.google.com\/store\/apps\/details?id=it.dgmusei.museitaliani&amp;pcampaignid=web_share\" target=\"_blank\" rel=\"noopener\"><img loading=\"lazy\" decoding=\"async\" class=\"alignnone wp-image-10403 size-full\" src=\"http:\/\/museipiemonte.cultura.gov.it\/wp-content\/uploads\/2024\/01\/GooglePlayStorebadgeIT_150.png\" alt=\"GooglePlayStorebadgeIT_150\" width=\"150\" height=\"44\" \/><\/a><\/p>\n<p>&nbsp;<\/p>\n<p><img loading=\"lazy\" decoding=\"async\" class=\"alignnone size-full wp-image-157\" src=\"http:\/\/museipiemonte.cultura.gov.it\/wp-content\/uploads\/2015\/11\/hr.png\" alt=\"\" width=\"50\" height=\"50\" \/><\/p>\n<p style=\"text-align: left;\"><strong><em>Biglietti<br \/>\n<\/em><\/strong><br \/>\nBiglietto Villa+Giardini: \u20ac 10,00<br \/>\nBiglietto Giardini: \u20ac 5,00<\/p>\n<p style=\"text-align: left;\">Ridotto 2,00 Euro:<br \/>\ndai 18 ai 25 anni;<br \/>\nPossessori carta &#8220;Io leggo di Pi\u00f9&#8221; del\u00a0Circolo dei lettori Torino;<br \/>\nIscritti Scuola Holden Torino.<\/p>\n<p>Gratuito per:<br \/>\nminori di 18 anni;<br \/>\ndocenti della scuola, di ruolo o con contratto a termine, dietro con presentazione della certificazione del proprio stato di docente (scarica il modello\u00a0<a href=\"http:\/\/museipiemonte.cultura.gov.it\/wp-content\/uploads\/2017\/03\/certif-docenti.pdf\" target=\"_blank\" rel=\"noopener\"><img loading=\"lazy\" decoding=\"async\" class=\"alignnone wp-image-460\" src=\"http:\/\/museipiemonte.cultura.gov.it\/wp-content\/uploads\/2015\/12\/pdf.png\" alt=\"pdf\" width=\"20\" height=\"20\" srcset=\"https:\/\/museipiemonte.cultura.gov.it\/wp-content\/uploads\/2015\/12\/pdf.png 225w, https:\/\/museipiemonte.cultura.gov.it\/wp-content\/uploads\/2015\/12\/pdf-150x150.png 150w\" sizes=\"auto, (max-width: 20px) 100vw, 20px\" \/><\/a> <a href=\"http:\/\/museipiemonte.cultura.gov.it\/wp-content\/uploads\/2017\/03\/certif-docenti.pdf\">certificazione docenti<\/a>);<br \/>\ndocenti e studenti delle facolt\u00e0 di architettura, di conservazione dei beni culturali, di scienze della formazione e dei corsi di laurea in lettere o materie letterarie con indirizzo archeologico o storico-artistico delle facolt\u00e0 di lettere e filosofia, delle accademie di belle arti o dei corsi e degli istituti corrispondenti negli Stati membri dell&#8217;Unione Europea (il biglietto gratuito \u00e8 rilasciato agli studenti mediante esibizione del certificato di iscrizione per l&#8217;anno accademico in corso);<br \/>\ntitolari dell\u2019Abbonamento Musei, Torino+Piemonte Card e Royal Pass;<br \/>\npersonale Ministero della Cultura;<br \/>\nmembri ICOM;<br \/>\ngiornalisti muniti di tessera professionale;<br \/>\npersone con disabilit\u00e0 e relativi accompagnatori;<br \/>\noperatori delle associazioni di volontariato che svolgano, in base a convenzioni in essere stipulate con il Ministero ai sensi dell&#8217;articolo 112, comma 8, del Codice, attivit\u00e0 di promozione e diffusione della conoscenza dei beni culturali;<br \/>\npossessori di Passaporto Culturale \u2013 progetto Nati con la Cultura.<\/p>\n<p><strong>Il pagamento presso la biglietteria del museo pu\u00f2 essere effettuato in contanti o tramite dispositivo POS.<\/strong><\/p>\n<p style=\"text-align: left;\"><img loading=\"lazy\" decoding=\"async\" class=\"alignnone size-full wp-image-157\" src=\"http:\/\/museipiemonte.cultura.gov.it\/wp-content\/uploads\/2015\/11\/hr.png\" alt=\"\" width=\"50\" height=\"50\" \/><\/p>\n<p style=\"text-align: left;\"><strong><em>Dove siamo<\/em><\/strong><\/p>\n<p style=\"text-align: left;\"><iframe loading=\"lazy\" style=\"border: 0;\" src=\"https:\/\/www.google.com\/maps\/embed?pb=!1m18!1m12!1m3!1d2818.368020394712!2d7.706144815004922!3d45.05804506847401!2m3!1f0!2f0!3f0!3m2!1i1024!2i768!4f13.1!3m3!1m2!1s0x4788729e7aa0a989%3A0xc957b8236cb9539!2sVilla+della+Regina!5e0!3m2!1sit!2sit!4v1448910021988\" width=\"600\" height=\"300\" frameborder=\"0\" allowfullscreen=\"allowfullscreen\"><\/iframe><\/p>\n<p style=\"text-align: left;\">Villa della Regina<br \/>\nStrada Santa Margherita, 79<br \/>\n10131 Torino<\/p>\n<p style=\"text-align: left;\"><img loading=\"lazy\" decoding=\"async\" class=\"alignnone size-full wp-image-157\" src=\"http:\/\/museipiemonte.cultura.gov.it\/wp-content\/uploads\/2015\/11\/hr.png\" alt=\"\" width=\"50\" height=\"50\" \/><\/p>\n<p style=\"text-align: left;\"><strong><em>Come raggiungerci<\/em><\/strong><\/p>\n<p style=\"text-align: left;\">In aereo: aeroporto di Torino Caselle &#8220;Sandro Pertini&#8221; (TRN)\u00a0&#8211; info:\u00a0<a href=\"http:\/\/www.aeroportoditorino.it\/it\" target=\"_blank\" rel=\"noopener\">Sagat<\/a><br \/>\nIn treno: stazione di Torino Porta Nuova oppure Stazione di Torino Porta Susa &#8211;\u00a0info: <a href=\"http:\/\/www.trenitalia.com\/\" target=\"_blank\" rel=\"noopener\">Trenitalia<\/a>, <a href=\"http:\/\/www.italotreno.it\/\" target=\"_blank\" rel=\"noopener\">Italo<\/a><br \/>\nIn autobus\/tram: linee <strong>53<\/strong>, <strong>56<\/strong>,<strong> 66<\/strong> fermata 1421\/1422 Villa Regina Ovest; linee <strong>13<\/strong>, <strong>73<\/strong> fermata 480 Gran Madre Capolinea; linea <strong>Star2<\/strong> fermata 4106 Vittorio Veneto &#8211; info: <a href=\"http:\/\/gttweb.5t.torino.it\/gtt\/\" target=\"_blank\" rel=\"noopener\">GTT<\/a><br \/>\nIn auto, da autostrada A21: tangenziale di Torino, uscita Corso Unit\u00e0 d&#8217;Italia &#8211; proseguire in direzione centro &#8211; <a href=\"https:\/\/goo.gl\/maps\/Yw7tsqpufFp\" target=\"_blank\" rel=\"noopener\">vedi sulla mappa<\/a><br \/>\nIn auto, da autostrada A32: tangenziale di Torino direzione Milano, uscita Corso Regina Margherita &#8211; proseguire in direzione centro &#8211; <a href=\"https:\/\/goo.gl\/maps\/HBShLKqiCx72\" target=\"_blank\" rel=\"noopener\">vedi sulla mappa<\/a><br \/>\nIn auto, da autostrada A4 o A5: procedere fino al termine dell&#8217;autostrada in direzione Torino centro &#8211; <a href=\"https:\/\/goo.gl\/maps\/rqH7UPzf4uQ2\" target=\"_blank\" rel=\"noopener\">vedi sulla mappa<\/a><\/p>\n<p style=\"text-align: left;\"><strong><em>Parcheggi nelle vicinanze<\/em><\/strong><\/p>\n<p style=\"text-align: left;\">Parcheggi a raso a pagamento nelle vie limitrofe &#8211; info: <a href=\"http:\/\/www.gtt.to.it\/cms\/parcheggi\/sosta\" target=\"_blank\" rel=\"noopener\">GTT<\/a><br \/>\nParcheggi in struttura a pagamento: piazza Vittorio Veneto\u00a0&#8211; info: <a href=\"http:\/\/www.bestinparking.it\/it\/garage\/torino\/piazza-vittorio-veneto\" target=\"_blank\" rel=\"noopener\">QUI<\/a><br \/>\nBus turistici: info <a href=\"http:\/\/www.comune.torino.it\/trasporti\/ztl\/ztl-bus-turistici.shtml\" target=\"_blank\" rel=\"noopener\">QUI<\/a><a href=\"http:\/\/www.bestinparking.it\/it\/garage\/torino\/piazza-vittorio-veneto\" target=\"_blank\" rel=\"noopener\"><br \/>\n<\/a><\/p>\n<p style=\"text-align: left;\"><img loading=\"lazy\" decoding=\"async\" class=\"alignnone size-full wp-image-157\" src=\"http:\/\/museipiemonte.cultura.gov.it\/wp-content\/uploads\/2015\/11\/hr.png\" alt=\"hr1\" width=\"50\" height=\"50\" \/><\/p>\n<p style=\"text-align: left;\"><strong><em>Servizi<\/em><\/strong><\/p>\n<p style=\"text-align: left;\"><em>Accesso disabili<\/em><br \/>\nL\u2019ingresso del museo \u00e8 accessibile al disabile motorio attraverso un percorso dedicato con accesso all\u2019ascensore (per l\u2019utilizzo \u00e8 sempre previsto l\u2019accompagnamento del personale di custodia) per la visita al piano nobile.<br \/>\nNon sono presenti ostacoli per la mobilit\u00e0 lungo il percorso espositivo interno. Per la visita nei giardini \u00e8 invece necessaria la presenza di un accompagnatore.<br \/>\nParcheggio per diversamente abili disponibile avvisando il corpo di guardia al citofono. Piante tattili su richiesta.<\/p>\n<p><em>Audioguide<\/em><br \/>\nNon disponibili<\/p>\n<p><em>Guardaroba<\/em><br \/>\nNon disponibile<\/p>\n<p><em>Bookshop<br \/>\n<\/em>Non disponibile<\/p>\n<p><a href=\"http:\/\/museipiemonte.cultura.gov.it\/wp-content\/uploads\/2015\/12\/pdf.png\" target=\"_blank\" rel=\"http:\/\/museipiemonte.cultura.gov.it\/wp-content\/uploads\/2017\/12\/vdr-carta-servizi.pdf noopener\"><img loading=\"lazy\" decoding=\"async\" class=\"alignnone wp-image-460\" src=\"http:\/\/museipiemonte.cultura.gov.it\/wp-content\/uploads\/2015\/12\/pdf.png\" alt=\"pdf\" width=\"20\" height=\"20\" srcset=\"https:\/\/museipiemonte.cultura.gov.it\/wp-content\/uploads\/2015\/12\/pdf.png 225w, https:\/\/museipiemonte.cultura.gov.it\/wp-content\/uploads\/2015\/12\/pdf-150x150.png 150w\" sizes=\"auto, (max-width: 20px) 100vw, 20px\" \/><\/a>\u00a0 \u00a0<a href=\"http:\/\/museipiemonte.cultura.gov.it\/wp-content\/uploads\/2017\/12\/vdr-carta-servizi.pdf\" target=\"_blank\" rel=\"noopener\">Carta servizi &#8211; Villa della Regina<\/a><\/p>\n<p><a href=\"http:\/\/museipiemonte.cultura.gov.it\/wp-content\/uploads\/2015\/11\/hr.png\"><img loading=\"lazy\" decoding=\"async\" class=\"alignnone size-full wp-image-157\" src=\"http:\/\/museipiemonte.cultura.gov.it\/wp-content\/uploads\/2015\/11\/hr.png\" alt=\"hr1\" width=\"50\" height=\"50\" \/><\/a><\/p>\n<p><strong><em>Progetto Scopri il tuo museo &#8211; mappe tematiche<\/em><\/strong><\/p>\n<p><a href=\"http:\/\/museipiemonte.cultura.gov.it\/wp-content\/uploads\/2016\/07\/FJ-VillaReginaTOInternA3F2.pdf\"><img loading=\"lazy\" decoding=\"async\" class=\"alignnone wp-image-460\" src=\"http:\/\/museipiemonte.cultura.gov.it\/wp-content\/uploads\/2015\/12\/pdf.png\" alt=\"pdf\" width=\"20\" height=\"20\" srcset=\"https:\/\/museipiemonte.cultura.gov.it\/wp-content\/uploads\/2015\/12\/pdf.png 225w, https:\/\/museipiemonte.cultura.gov.it\/wp-content\/uploads\/2015\/12\/pdf-150x150.png 150w\" sizes=\"auto, (max-width: 20px) 100vw, 20px\" \/><\/a>\u00a0 <a href=\"http:\/\/museipiemonte.cultura.gov.it\/wp-content\/uploads\/2016\/07\/FJ-VillaReginaTOInternA3F2.pdf\">Scarica la mappa di Villa della Regina &#8211; interno<br \/>\n<\/a><a href=\"http:\/\/museipiemonte.cultura.gov.it\/wp-content\/uploads\/2016\/07\/FJ-VillaReginaTOEsternoA3F1.pdf\"><img loading=\"lazy\" decoding=\"async\" class=\"alignnone wp-image-460\" src=\"http:\/\/museipiemonte.cultura.gov.it\/wp-content\/uploads\/2015\/12\/pdf.png\" alt=\"pdf\" width=\"20\" height=\"20\" srcset=\"https:\/\/museipiemonte.cultura.gov.it\/wp-content\/uploads\/2015\/12\/pdf.png 225w, https:\/\/museipiemonte.cultura.gov.it\/wp-content\/uploads\/2015\/12\/pdf-150x150.png 150w\" sizes=\"auto, (max-width: 20px) 100vw, 20px\" \/><\/a>\u00a0 <a href=\"http:\/\/museipiemonte.cultura.gov.it\/wp-content\/uploads\/2016\/07\/FJ-VillaReginaTOEsternoA3F1.pdf\" target=\"_blank\" rel=\"noopener\">Scarica la mappa di Villa della Regina &#8211; esterno<\/a><\/p>\n","protected":false},"excerpt":{"rendered":"<p>Storia \u00a0 \u00a0| \u00a0 \u00a0Visita Villa della Regina\u00a0 \u00a0 | \u00a0 \u00a0Immagini e video \u00a0 \u00a0| \u00a0 \u00a0Staff \u00a0 \u00a0| \u00a0 \u00a0Contatti\u00a0 \u00a0 | \u00a0 \u00a0News\u00a0\u00a0 \u00a0 |\u00a0 \u00a0\u00a0Offerta formativa Orari ponti di primavera, 25-26 [&hellip;]<\/p>\n","protected":false},"author":1,"featured_media":0,"parent":51,"menu_order":1,"comment_status":"closed","ping_status":"closed","template":"page-templates\/page_fullwidth.php","meta":{"footnotes":""},"class_list":["post-199","page","type-page","status-publish","hentry"],"_links":{"self":[{"href":"https:\/\/museipiemonte.cultura.gov.it\/index.php\/wp-json\/wp\/v2\/pages\/199","targetHints":{"allow":["GET"]}}],"collection":[{"href":"https:\/\/museipiemonte.cultura.gov.it\/index.php\/wp-json\/wp\/v2\/pages"}],"about":[{"href":"https:\/\/museipiemonte.cultura.gov.it\/index.php\/wp-json\/wp\/v2\/types\/page"}],"author":[{"embeddable":true,"href":"https:\/\/museipiemonte.cultura.gov.it\/index.php\/wp-json\/wp\/v2\/users\/1"}],"replies":[{"embeddable":true,"href":"https:\/\/museipiemonte.cultura.gov.it\/index.php\/wp-json\/wp\/v2\/comments?post=199"}],"version-history":[{"count":417,"href":"https:\/\/museipiemonte.cultura.gov.it\/index.php\/wp-json\/wp\/v2\/pages\/199\/revisions"}],"predecessor-version":[{"id":14228,"href":"https:\/\/museipiemonte.cultura.gov.it\/index.php\/wp-json\/wp\/v2\/pages\/199\/revisions\/14228"}],"up":[{"embeddable":true,"href":"https:\/\/museipiemonte.cultura.gov.it\/index.php\/wp-json\/wp\/v2\/pages\/51"}],"wp:attachment":[{"href":"https:\/\/museipiemonte.cultura.gov.it\/index.php\/wp-json\/wp\/v2\/media?parent=199"}],"curies":[{"name":"wp","href":"https:\/\/api.w.org\/{rel}","templated":true}]}}